{"id":155,"date":"2021-06-21T15:14:57","date_gmt":"2021-06-21T15:14:57","guid":{"rendered":"https:\/\/ladroit.org\/ladroit\/?page_id=155"},"modified":"2023-05-24T16:14:53","modified_gmt":"2023-05-24T20:14:53","slug":"zone-medias","status":"publish","type":"page","link":"https:\/\/ladroit.org\/ladroit\/zone-medias\/","title":{"rendered":"Zone M\u00e9dias"},"content":{"rendered":"\n<div style=\"height:44px\" aria-hidden=\"true\" class=\"wp-block-spacer\"><\/div>\n\n\n\n<h2 class=\"wp-block-heading\">P38: une annonce qui nous pr\u00e9occupe au plus haut point<\/h2>\n\n\n\n<p>Le Ministre des services sociaux, le Dr. Lionel Carmant, a annonc\u00e9 mercredi dernier, une d\u00e9marche pour: \u00ab r\u00e9aliser des travaux entourant l&rsquo;application de la Loi sur la protection des personnes dont l&rsquo;\u00e9tat mental pr\u00e9sente un danger pour elles-m\u00eames ou pour autrui (loi P-38) \u00bb.<\/p>\n\n\n\n<p>Nous secondons ce qu&rsquo;Action-Autonomie Montr\u00e9al a indiqu\u00e9 dans son communiqu\u00e9 de presse d&rsquo;hier, L\u2019A-DROIT souhaite aussi que cette d\u00e9marche m\u00e8ne \u00e0 un <a><\/a>meilleur respect des droits et de la dignit\u00e9 des personnes qui vivent avec un probl\u00e8me de sant\u00e9 mentale.<\/p>\n\n\n\n<p><\/p>\n\n\n<div class='yrm-content yrm-content-1 yrm-content-hide  ' id='yrm-fsGd0' data-id='1' data-show-status='false' data-after-action='' style=\"visibility: hidden;height: 0;\">\n\t\t\t<div id='yrm-inner-content-yrm-fsGd0' class='yrm-inner-content-wrapper yrm-cntent-1'><br \/>\nIl s&rsquo;agit d&rsquo;un mandat en deux \u00e9tapes et la premi\u00e8re partie du mandat de r\u00e9vision de la Loi se d\u00e9cline ainsi :<\/p>\n<p>\u00ab 1. Un \u00e9tat des lieux de la situation actuelle de l&rsquo;application de la loi P-38. Les \u00e9l\u00e9ments d&rsquo;analyse suivants seront notamment pris en consid\u00e9ration :<\/p>\n<p>\u2022 les aspects juridiques aff\u00e9rents \u00e0 la loi;<\/p>\n<p>\u2022 l&rsquo;analyse du droit compar\u00e9 \u00e0 l&rsquo;\u00e9chelle internationale;<\/p>\n<p>\u2022 une revue de la litt\u00e9rature entourant la loi;<\/p>\n<p>\u2022 un portrait des intervenants appel\u00e9s \u00e0 appliquer la loi. \u00bb<\/p>\n<p>Bien que cette d\u00e9marche de r\u00e9vision soit pr\u00e9sent\u00e9e de fa\u00e7on neutre dans le communiqu\u00e9 de presse du Ministre Carmant, du MSSS et de l\u2019institut qu\u00e9b\u00e9cois de r\u00e9forme du droit et de la justice (IQRDJ) qui en est responsable , cette d\u00e9marche nous inqui\u00e8te pour les raisons suivantes :<\/p>\n<p>1- Le mandat de recherche donn\u00e9 \u00e0 l\u2019IQRDJ apparait restreint et ne tient pas compte de l\u2019ensemble des facteurs associ\u00e9s \u00e0 la P-38. J\u2019ai consult\u00e9 le site de cet institut dont j\u2019ai appris l\u2019existence mercredi le 17 mai. Il compte sur son conseil ex\u00e9cutif des avocats, des ex-juges et professeurs d\u2019universit\u00e9. Ceux-ci semblent avoir une connaissance juridique fine et feront notamment une analyse du droit compar\u00e9 \u00e0 l\u2019\u00e9chelle internationale.<\/p>\n<p>Une telle \u00e9tude r\u00e9v\u00e8lera qu\u2019au canada anglais, aux \u00c9tats-Unis et dans certains pays d\u2019Europe, les personnes vivant avec un probl\u00e8me de sant\u00e9 mentale font l\u2019objet de Lois plus contraignantes et sont bien souvent oblig\u00e9s de prendre leurs m\u00e9dicaments. Toutefois, l\u2019analyse de ces Lois sera extr\u00eamement fragmentaire puisqu\u2019il ne contextualise pas son application et ne r\u00e9pond pas, entre autres, aux questions suivantes :<\/p>\n<p>o Quel est le portrait du syst\u00e8me de sant\u00e9 mentale dans ces l\u00e9gislations? Quel est son historique? Combien y a-t-il de psychiatres par 100 000 habitants et de lits en psychiatrie par 100 000 habitants? Y a-t-il des r\u00e9elles alternatives \u00e0 l\u2019hospitalisation en psychiatrie?<\/p>\n<p>o Quelles sont les maladies \u00e0 traitement obligatoire dans ces l\u00e9gislations?<\/p>\n<p>o Quel est le r\u00f4le des diff\u00e9rents intervenants en mati\u00e8re de crise psychosociale?<\/p>\n<p>o Quel est le portrait dans ces l\u00e9gislations en mati\u00e8re de droit criminel?<\/p>\n<p>o Quel est l\u2019impact du portrait d\u00e9mographique (rural\/urbain) en regard de l\u2019application des lois d\u2019exception en sant\u00e9 mentale dans ces l\u00e9gislations?<\/p>\n<p>o Quel est l\u2019\u00e9tat des lieux en mati\u00e8re d\u2019actes r\u00e9serv\u00e9s et de r\u00f4les et responsabilit\u00e9s des diff\u00e9rents professionnels de la sant\u00e9 et des services sociaux en mati\u00e8re de sant\u00e9 mentale dans ces l\u00e9gislations?<\/p>\n<p>o Quel est le diagnostic que l\u2019on fait des services de crise au Qu\u00e9bec et de leur r\u00e9ponse aux besoins en mati\u00e8re de crise psychosociale?<\/p>\n<p>Et j\u2019en passe, et j\u2019en passe&#8230; Vous comprendrez qu\u2019un nombre tr\u00e8s important de param\u00e8tres ne seront pas consid\u00e9r\u00e9s par cet institut, parce qu\u2019il n\u2019en a pas re\u00e7u le mandat et qu\u2019il ne dispose pas de la comp\u00e9tence en analyse de politiques publiques en mati\u00e8re de sant\u00e9 pour les contextualiser dans la r\u00e9flexion associ\u00e9e \u00e0 une loi qui est au carrefour du juridique, du m\u00e9dical et du psychosocial.<\/p>\n<p>Cette analyse est importante, voire fondamentale puisqu\u2019elle servira \u00e0 justifier l\u2019action du gouvernement par la suite. En ne regardant qu\u2019une seule facette, il apparait difficile de ne pas anticiper des conclusions qui ne donneront pas un portrait fid\u00e8le de la r\u00e9alit\u00e9, \u00e0 moins que cet institut ait la possibilit\u00e9 d\u2019\u00e9tendre son mandat.<\/p>\n<p>2- Le contexte m\u00e9diatique actuel en lien avec la sant\u00e9 mentale<\/p>\n<p>Ces derniers mois nous ont amen\u00e9 \u00e0 vivre coup sur coup des malheureuses situations ou des personnes sont d\u00e9c\u00e9d\u00e9es. Pensons aux chauffards d\u2019Amqui et de la garderie de Laval, \u00e0 l\u2019assassinat d\u2019une polici\u00e8re \u00e0 Louiseville, au meurtre \u00e0 Rosemont \u00e0 Montr\u00e9al, etc. Coup sur coup, la sant\u00e9 mentale \u00e9tait syst\u00e9matiquement au banc des accus\u00e9s, alors que plusieurs situations \u00e9taient aussi li\u00e9es \u00e0 des drames familiaux et \u00e0 de la consommation de drogue, notamment. Loin de minimiser les souffrances v\u00e9cues par les proches des disparus, les enjeux ne sont pas consid\u00e9r\u00e9s dans leur sens large dans les m\u00e9dias et de nombreux amalgames sont faits, entre autres de la part des policiers (nous y reviendrons). Nous avons d\u2019ailleurs co-\u00e9crit une lettre d\u2019opinion en mars dernier \u00e0 la suite du drame d\u2019Amqui.<\/p>\n<p>3- Des omissions et affirmations qui ne refl\u00e8tent pas la r\u00e9alit\u00e9 dans la pr\u00e9sentation du mandat.<\/p>\n<p>La loi a 25 ans. C\u2019est factuellement exact, mais concr\u00e8tement inexact dans son application int\u00e9grale. Avant 2018, soit l&rsquo;ann\u00e9e de la publication du cadre de r\u00e9f\u00e9rence du MSSS pour la P-38, nous vivions de nombreuses probl\u00e9matiques. Celles-ci \u00e9taient li\u00e9es notamment au respect des d\u00e9lais l\u00e9gaux par les \u00e9tablissements de sant\u00e9, du consentement aux soins, du respect du processus de<\/p>\n<p>garde et de l\u2019absence de suivi de la part des \u00e9tablissements sur l\u2019application de cette Loi.<\/p>\n<p>Il convient de se rappeler pourquoi ce cadre de r\u00e9f\u00e9rence a \u00e9t\u00e9 publi\u00e9:<\/p>\n<p>&#8211; Parce que des \u00e9tudes des groupes de d\u00e9fense de droits en sant\u00e9 mentale ont mis en lumi\u00e8re les difficult\u00e9s et la r\u00e9alit\u00e9 des personnes sur le terrain en analysant les d\u00e9cisions des tribunaux;<\/p>\n<p>&#8211; L\u2019enqu\u00eate du protecteur du citoyen sur la P-38;<\/p>\n<p>&#8211; La place de la P-38 chaque ann\u00e9e dans le rapport annuel du protecteur du citoyen, ou de nombreuses probl\u00e9matiques y \u00e9taient d\u00e9nonc\u00e9es;<\/p>\n<p>&#8211; Un rapport du groupe de travail sur la sant\u00e9 mentale et la justice du barreau du Qu\u00e9bec en 2010;<\/p>\n<p>&#8211; Un rapport d\u2019enqu\u00eate du MSSS, 13 ans apr\u00e8s sa mise en vigueur, qui concluait notamment que la P-38 n\u2019\u00e9tait pas appliqu\u00e9e ad\u00e9quatement partout. Celui-ci recommandait notamment la mise en place de comit\u00e9s de surveillance locaux. Ceux-ci n\u2019ont jamais vu le jour.<\/p>\n<p>Ainsi donc, de nombreux \u00e9l\u00e9ments et rapports sont venus illustrer que les principales probl\u00e9matiques li\u00e9es \u00e0 la P-38 \u00e9taient associ\u00e9es au respect des droits des personnes et non au fait que les personnes disposeraient de trop de droits, c\u2019est faux et cela a \u00e9t\u00e9 d\u00e9montr\u00e9 dans la litt\u00e9rature.<\/p>\n<p>Nous concevons qu\u2019il soit contraignant pour les psychiatres d\u2019appliquer cette Loi d\u2019exception. Rappelons qu\u2019il s\u2019agit bel et bien d\u2019une Loi d\u2019exception qui donne d\u00e9j\u00e0 d\u2019\u00e9normes pouvoirs \u00e0 ces m\u00e9decins. C\u2019est faux de pr\u00e9tendre que les psychiatres n\u2019ont pas la possibilit\u00e9 de soigner ad\u00e9quatement les personnes en raison de la P-38. Les psychiatres ont les m\u00eames possibilit\u00e9s que les autres m\u00e9decins en mati\u00e8re de soins de sant\u00e9.<\/p>\n<p>Pour la deuxi\u00e8me partie du mandat donn\u00e9 \u00e0 l\u2019IQRDJ il y aura une consultation de l\u2019ensemble des parties prenantes sur la question. Puisqu\u2019il y aura consultation, on souhaite \u00e9videmment s\u2019y faire entendre, que les difficult\u00e9s v\u00e9cues par les personnes soient consid\u00e9r\u00e9es et que le processus m\u00e8ne \u00e0 un meilleur respect des droits et de la dignit\u00e9 des personnes vivant avec un probl\u00e8me de sant\u00e9 mentale.<\/p>\n<p>Nous souhaitons une d\u00e9marche ouverte et \u00e9quitable, qui respectera notre position qui est celle des personnes qui ont fait l\u2019objet de cette Loi, celles qui sont r\u00e9ellement concern\u00e9es par son application. Il va de soi que L\u2019A-DROIT va participer au processus et faire entendre la voix des personnes sans voix.<\/p>\n<p>A la lecture de ce texte, vous comprendrez qu\u2019on en a long \u00e0 dire sur le sujet et qu\u2019il ne s\u2019agit que du d\u00e9but puisque je n\u2019y ai couvert que quelques angles. La r\u00e9vision de la Loi semble d\u00e9j\u00e0 mal orient\u00e9e, c\u2019est inqui\u00e9tant! On demeure vigilants et \u00e0 l\u2019aff\u00fbt, c&rsquo;est \u00e0 suivre!<\/p>\n<p>Fran\u00e7ois Winter, directeur g\u00e9n\u00e9ral, L\u2019A-DROIT<\/p>\n<p><\/div>\n\t\t<\/div><div class='yrm-btn-wrapper yrm-btn-wrapper-1 yrm-more-button-wrapper  '\n\t\tdata-custom-more-class-name='' data-custom-less-class-name=''><span title='' data-less-title='' data-more-title='' class='yrm-toggle-expand  yrm-toggle-expand-1 ' data-rel='yrm-fsGd0' data-more='Lire la suite' data-less='Fermer'><span class='yrm-text-wrapper yrm-text-wrapper-custom-dimensions'><span class=\"yrm-button-text-1 yrm-button-text-span\">Lire la suite<\/span><\/span><\/span><\/div>\n\n\n\n<hr class=\"wp-block-separator has-text-color has-css-opacity has-background\" style=\"background-color:#f0a823;color:#f0a823\"\/>\n\n\n\n<h2 class=\"wp-block-heading has-text-align-center\">Portrait d\u2019une pratique m\u00e9connue : L\u2019A-DROIT lance une \u00e9tude sur les autorisations judiciaires de soins en Chaudi\u00e8re-Appalaches<\/h2>\n\n\n\n<div class=\"wp-block-columns is-layout-flex wp-container-core-columns-is-layout-9d6595d7 wp-block-columns-is-layout-flex\">\n<div class=\"wp-block-column is-layout-flow wp-block-column-is-layout-flow\">\n<figure class=\"wp-block-image size-full is-resized\"><img loading=\"lazy\" decoding=\"async\" src=\"https:\/\/ladroit.org\/ladroit\/wp-content\/uploads\/2021\/11\/photofrancoisajs.jpg\" alt=\"\" class=\"wp-image-689\" width=\"301\" height=\"401\" srcset=\"https:\/\/ladroit.org\/ladroit\/wp-content\/uploads\/2021\/11\/photofrancoisajs.jpg 500w, https:\/\/ladroit.org\/ladroit\/wp-content\/uploads\/2021\/11\/photofrancoisajs-225x300.jpg 225w\" sizes=\"auto, (max-width: 301px) 100vw, 301px\" \/><\/figure>\n<\/div>\n\n\n\n<div class=\"wp-block-column is-layout-flow wp-block-column-is-layout-flow\">\n<p> L\u00e9vis, le 7 octobre 2020, L\u2019A-DROIT de Chaudi\u00e8re-Appalaches, groupe r\u00e9gional de promotion et de d\u00e9fense de droits en sant\u00e9 mentale, publie aujourd\u2019hui une \u00e9tude sur l\u2019application des autorisations judiciaires de soins en Chaudi\u00e8re-Appalaches. Cette \u00e9tude a \u00e9t\u00e9 r\u00e9alis\u00e9e en recensant les donn\u00e9es de l\u2019ensemble des d\u00e9cisions de la Cour sup\u00e9rieure pour la r\u00e9gion de Chaudi\u00e8re-Appalaches entre 2013 et 2017. Il s\u2019agit de la troisi\u00e8me \u00e9tude du genre au Qu\u00e9bec concernant l\u2019application de cette mesure. <\/p>\n\n\n\n<p>L\u2019autorisation judiciaire de soins (AJS) est un m\u00e9canisme d\u2019exception par lequel le tribunal contraint une personne \u00e0 recevoir des soins auquel elle ne consent pas durant une p\u00e9riode d\u00e9termin\u00e9e. Ces soins prennent la forme de traitements, notamment des m\u00e9dicaments et d\u2019h\u00e9bergement.<\/p>\n<\/div>\n<\/div>\n\n\n\n<div class=\"wp-block-columns is-layout-flex wp-container-core-columns-is-layout-9d6595d7 wp-block-columns-is-layout-flex\">\n<div class=\"wp-block-column is-layout-flow wp-block-column-is-layout-flow\" style=\"flex-basis:100%\"><div class='yrm-content yrm-content-1 yrm-content-hide  ' id='yrm-JnaQk' data-id='1' data-show-status='false' data-after-action='' style=\"visibility: hidden;height: 0;\">\n\t\t\t<div id='yrm-inner-content-yrm-JnaQk' class='yrm-inner-content-wrapper yrm-cntent-1'><\/p>\n<p><\/div>\n\t\t<\/div><div class='yrm-btn-wrapper yrm-btn-wrapper-1 yrm-more-button-wrapper  '\n\t\tdata-custom-more-class-name='' data-custom-less-class-name=''><span title='' data-less-title='' data-more-title='' class='yrm-toggle-expand  yrm-toggle-expand-1 ' data-rel='yrm-JnaQk' data-more='Lire la suite' data-less='Fermer'><span class='yrm-text-wrapper yrm-text-wrapper-custom-dimensions'><span class=\"yrm-button-text-1 yrm-button-text-span\">Lire la suite<\/span><\/span><\/span><\/div>\n<\/div>\n<\/div>\n\n\n\n<hr class=\"wp-block-separator has-text-color has-css-opacity has-background\" style=\"background-color:#f0a823;color:#f0a823\"\/>\n\n\n\n<h2 class=\"wp-block-heading has-text-align-center\">Un ajustement des allocations de d\u00e9penses personnelles est r\u00e9clam\u00e9<\/h2>\n\n\n\n<figure class=\"wp-block-embed is-type-video is-provider-youtube wp-block-embed-youtube wp-embed-aspect-16-9 wp-has-aspect-ratio\"><div class=\"wp-block-embed__wrapper\">\n<iframe loading=\"lazy\" title=\"Un ajustement des allocations de d\u00e9penses personnelles est r\u00e9clam\u00e9\" width=\"1140\" height=\"641\" src=\"https:\/\/www.youtube.com\/embed\/6Rf0OD5LR5I?start=6&#038;feature=oembed\" frameborder=\"0\" allow=\"accelerometer; autoplay; clipboard-write; encrypted-media; gyroscope; picture-in-picture; web-share\" allowfullscreen><\/iframe>\n<\/div><\/figure>\n\n\n\n<p>Les d\u00e9put\u00e9s p\u00e9quistes de Rimouski, Harold LeBel, et des \u00celes-de-la-Madeleine, Jo\u00ebl Arseneau, se joignent \u00e0 des organismes communautaires pour r\u00e9clamer la bonification de l\u2019allocation de d\u00e9penses personnelles des personnes h\u00e9berg\u00e9es dans des ressources interm\u00e9diaires ou de type familial (RI-RTF).<\/p>\n\n\n\n<p>Ces prestataires d&rsquo;aide sociale sont souvent aux prises avec une d\u00e9ficience intellectuelle, un handicap ou un trouble du spectre de l\u2019autisme.<\/p>\n\n\n\n<p>Les d\u00e9put\u00e9s font valoir que la R\u00e9gie de l\u2019assurance maladie du Qu\u00e9bec (RAMQ) a r\u00e9cemment hauss\u00e9 les loyers mensuels des ressources interm\u00e9diaires et de type familial.<\/p>\n\n\n\n<p>Ces loyers retiennent une grande partie de l&rsquo;allocation des b\u00e9n\u00e9ficiaires, d&rsquo;un montant de 245 $.<\/p>\n\n\n\n<hr class=\"wp-block-separator has-text-color has-css-opacity has-background\" style=\"background-color:#f0a823;color:#f0a823\"\/>\n\n\n\n<h2 class=\"wp-block-heading has-text-align-center\">P\u00e9tition : Allocation de d\u00e9penses personnelles pour personnes h\u00e9berg\u00e9es en ressources interm\u00e9diaires<\/h2>\n\n\n\n<div class=\"wp-block-group\"><div class=\"wp-block-group__inner-container is-layout-flow wp-block-group-is-layout-flow\">\n<div class=\"wp-block-group\"><div class=\"wp-block-group__inner-container is-layout-flow wp-block-group-is-layout-flow\">\n<div class=\"wp-block-group\"><div class=\"wp-block-group__inner-container is-layout-flow wp-block-group-is-layout-flow\">\n<p>Depuis plusieurs ann\u00e9es, L\u2019A-DROIT, ainsi que de nombreux organismes communautaires, est pr\u00e9occup\u00e9 par les difficult\u00e9s v\u00e9cues personnes qui sont h\u00e9berg\u00e9es dans des ressources interm\u00e9diaires et des ressources de type familiale. En effet, depuis nos d\u00e9buts, les personnes que nous rencontrons dans la r\u00e9gion nous mentionnent que le montant d\u2019allocation de d\u00e9penses personnelles (ADP) est insuffisant et que cette situation les maintient dans une situation de pauvret\u00e9 significative.<\/p>\n\n\n\n<div class=\"wp-block-group\"><div class=\"wp-block-group__inner-container is-layout-flow wp-block-group-is-layout-flow\"><div class='yrm-content yrm-content-1 yrm-content-hide  ' id='yrm-PYcNh' data-id='1' data-show-status='false' data-after-action='' style=\"visibility: hidden;height: 0;\">\n\t\t\t<div id='yrm-inner-content-yrm-PYcNh' class='yrm-inner-content-wrapper yrm-cntent-1'><\/p>\n<p><\/div>\n\t\t<\/div><div class='yrm-btn-wrapper yrm-btn-wrapper-1 yrm-more-button-wrapper  '\n\t\tdata-custom-more-class-name='' data-custom-less-class-name=''><span title='' data-less-title='' data-more-title='' class='yrm-toggle-expand  yrm-toggle-expand-1 ' data-rel='yrm-PYcNh' data-more='Lire la suite' data-less='Fermer'><span class='yrm-text-wrapper yrm-text-wrapper-custom-dimensions'><span class=\"yrm-button-text-1 yrm-button-text-span\">Lire la suite<\/span><\/span><\/span><\/div>\n<\/div><\/div>\n<\/div><\/div>\n<\/div><\/div>\n<\/div><\/div>\n\n\n\n<hr class=\"wp-block-separator has-text-color has-css-opacity has-background\" style=\"background-color:#f0a823;color:#f0a823\"\/>\n\n\n\n<h2 class=\"wp-block-heading has-text-align-center\">Assembl\u00e9e g\u00e9n\u00e9rale annuelle : Une ann\u00e9e remplie de projets pour L\u2019A-DROIT<\/h2>\n\n\n\n<p><a href=\"https:\/\/ladroit.org\/medias.html#\"><\/a><\/p>\n\n\n\n<h3 class=\"wp-block-heading\">Une iniquit\u00e9 \u00e0 corriger, avant les \u00e9lections !<\/h3>\n\n\n\n<p><em>Fran\u00e7ois Winter, directeur g\u00e9n\u00e9ral, L\u2019A-DROIT de Chaudi\u00e8re-Appalaches, groupe r\u00e9gional de promotion et de d\u00e9fense des droits en sant\u00e9 mentale<\/em><\/p>\n\n\n\n<p>L\u00e9vis, le 26 juin 2018 &#8211; Le 15 mai dernier \u00e9tait adopt\u00e9e \u00e0 l\u2019unanimit\u00e9 par l\u2019assembl\u00e9e nationale la Loi 173, soit la <em>Loi visant principalement \u00e0 instaurer un revenu de base pour des personnes qui pr\u00e9sentent des contraintes s\u00e9v\u00e8res \u00e0 l\u2019emploi<\/em>. Une mesure phare de cette l\u00e9gislation est l\u2019augmentation progressive sur cinq ans de la prestation des personnes inaptes \u00e0 l\u2019emploi. Celles-ci ont vu cette ann\u00e9e leur prestation mensuelle augmenter \u00e0 raison de 73$ par mois. Malgr\u00e9 le titre de la Loi, une portion significative des personnes cibl\u00e9s par cette mesure n\u2019y a cependant pas eu droit.<\/p>\n\n\n<div class='yrm-content yrm-content-1 yrm-content-hide  ' id='yrm-v9GZt' data-id='1' data-show-status='false' data-after-action='' style=\"visibility: hidden;height: 0;\">\n\t\t\t<div id='yrm-inner-content-yrm-v9GZt' class='yrm-inner-content-wrapper yrm-cntent-1'><\/p>\n<p><\/div>\n\t\t<\/div><div class='yrm-btn-wrapper yrm-btn-wrapper-1 yrm-more-button-wrapper  '\n\t\tdata-custom-more-class-name='' data-custom-less-class-name=''><span title='' data-less-title='' data-more-title='' class='yrm-toggle-expand  yrm-toggle-expand-1 ' data-rel='yrm-v9GZt' data-more='Lire la suite' data-less='Fermer'><span class='yrm-text-wrapper yrm-text-wrapper-custom-dimensions'><span class=\"yrm-button-text-1 yrm-button-text-span\">Lire la suite<\/span><\/span><\/span><\/div>\n\n\n\n<hr class=\"wp-block-separator has-text-color has-css-opacity has-background\" style=\"background-color:#f0a823;color:#f0a823\"\/>\n\n\n\n<h2 class=\"wp-block-heading has-text-align-center\">Assembl\u00e9e G\u00e9n\u00e9rale Annuelle, L&rsquo;A-DROIT poursuit son d\u00e9veloppement !<\/h2>\n\n\n\n<p><a href=\"https:\/\/ladroit.org\/medias.html#\"><\/a><\/p>\n\n\n\n<h3 class=\"wp-block-heading\">Fermeture du d\u00e9partement de psychiatrie de Thetford Mines : Pensons aux premi\u00e8res personnes concern\u00e9es d\u2019abord !<\/h3>\n\n\n\n<p><a href=\"https:\/\/ladroit.org\/medias.html#\"><\/a><\/p>\n\n\n\n<h4 class=\"wp-block-heading\"><strong>Par Carole Vachon, directrice g\u00e9n\u00e9rale, Le Havre, groupe d\u2019aide et d\u2019entraide pour les personnes vivant avec un probl\u00e8me de sant\u00e9 mentale et Fran\u00e7ois Winter, directeur g\u00e9n\u00e9ral, L\u2019A-DROIT de Chaudi\u00e8re-Appalaches, groupe r\u00e9gional de promotion et de d\u00e9fense des droits en sant\u00e9 mentale<\/strong><\/h4>\n\n\n\n<p>Le 17 janvier prochain, le d\u00e9partement de psychiatrie de l\u2019h\u00f4pital de Thetford Mines sera ferm\u00e9 temporairement suite \u00e0 la d\u00e9mission des psychiatres de l\u2019\u00e9tablissement. Deux d\u2019entre elles rencontreront dor\u00e9navant les personnes qu\u2019elles suivaient en clinique priv\u00e9e \u00e0 l\u2019ext\u00e9rieur de l\u2019h\u00f4pital. Malgr\u00e9 les mesures mises en place par la direction du CISSS-CA, cette situation aura des cons\u00e9quences majeures pour les personnes ayant besoin d\u2019avoir acc\u00e8s \u00e0 une hospitalisation, ainsi que leurs proches. Ces personnes sont les otages de d\u00e9missions qui restreignent l\u2019acc\u00e8s \u00e0 des services auxquels elles ont droit.<\/p>\n\n\n<div class='yrm-content yrm-content-1 yrm-content-hide  ' id='yrm-ErvxR' data-id='1' data-show-status='false' data-after-action='' style=\"visibility: hidden;height: 0;\">\n\t\t\t<div id='yrm-inner-content-yrm-ErvxR' class='yrm-inner-content-wrapper yrm-cntent-1'><\/p>\n<p><\/div>\n\t\t<\/div><div class='yrm-btn-wrapper yrm-btn-wrapper-1 yrm-more-button-wrapper  '\n\t\tdata-custom-more-class-name='' data-custom-less-class-name=''><span title='' data-less-title='' data-more-title='' class='yrm-toggle-expand  yrm-toggle-expand-1 ' data-rel='yrm-ErvxR' data-more='Lire la suite' data-less='Fermer'><span class='yrm-text-wrapper yrm-text-wrapper-custom-dimensions'><span class=\"yrm-button-text-1 yrm-button-text-span\">Lire la suite<\/span><\/span><\/span><\/div>\n\n\n\n<hr class=\"wp-block-separator has-text-color has-css-opacity has-background\" style=\"background-color:#f0a823;color:#f0a823\"\/>\n\n\n\n<h3 class=\"wp-block-heading\">Intervention polici\u00e8re et services de crise : on n\u2019en fait pas assez !<\/h3>\n\n\n\n<p><a href=\"https:\/\/ladroit.org\/medias.html#\"><\/a><\/p>\n\n\n\n<h3 class=\"wp-block-heading\">Par Fran\u00e7ois Winter, directeur g\u00e9n\u00e9ral de L\u2019A-DROIT de Chaudi\u00e8re-Appalaches, groupe r\u00e9gional de promotion et de d\u00e9fense de droits en sant\u00e9 mentale<\/h3>\n\n\n\n<p>C\u2019est avec grande tristesse que nous avons pris connaissance du d\u00e9c\u00e8s de M. Guillaume Bolduc, abattu par un policier de la S\u00fbret\u00e9 du Qu\u00e9bec, le jeudi 10 ao\u00fbt \u00e0 Saint-Georges de Beauce. Les circonstances de son d\u00e9c\u00e8s relat\u00e9es dans les m\u00e9dias suscitent des questionnements li\u00e9s \u00e0 l\u2019intervention polici\u00e8re, ainsi que sur la possibilit\u00e9 d\u2019un acc\u00e8s suffisant \u00e0 une offre de services de crise compl\u00e8te. Dans les circonstances actuelles, nous ne pouvons que souhaiter que le bureau des enqu\u00eates ind\u00e9pendantes (BEI) puisse faire la lumi\u00e8re sur ces tragiques \u00e9v\u00e8nements.<\/p>\n\n\n<div class='yrm-content yrm-content-1 yrm-content-hide  ' id='yrm-jQeKm' data-id='1' data-show-status='false' data-after-action='' style=\"visibility: hidden;height: 0;\">\n\t\t\t<div id='yrm-inner-content-yrm-jQeKm' class='yrm-inner-content-wrapper yrm-cntent-1'><\/p>\n<p><\/div>\n\t\t<\/div><div class='yrm-btn-wrapper yrm-btn-wrapper-1 yrm-more-button-wrapper  '\n\t\tdata-custom-more-class-name='' data-custom-less-class-name=''><span title='' data-less-title='' data-more-title='' class='yrm-toggle-expand  yrm-toggle-expand-1 ' data-rel='yrm-jQeKm' data-more='Lire la suite' data-less='Fermer'><span class='yrm-text-wrapper yrm-text-wrapper-custom-dimensions'><span class=\"yrm-button-text-1 yrm-button-text-span\">Lire la suite<\/span><\/span><\/span><\/div>\n\n\n\n<hr class=\"wp-block-separator has-text-color has-css-opacity has-background\" style=\"background-color:#f0a823;color:#f0a823\"\/>\n\n\n\n<h3 class=\"wp-block-heading\">Liens vers les anciennes publications<\/h3>\n\n\n\n<p><a href=\"https:\/\/ladroit.org\/medias.html#article2\">Fermeture du d\u00e9partement de psychiatrie de Thetford Mines : Pensons aux premi\u00e8res personnes concern\u00e9es d\u2019abord !<\/a><br><a href=\"https:\/\/ladroit.org\/medias.html#article1\">Intervention polici\u00e8re et services de crise : on n\u2019en fait pas assez !<\/a><\/p>\n\n\n<p><script src=\"https:\/\/code.responsivevoice.org\/responsivevoice.js?key=5SQ0t3iO\"><\/script><\/p>\n","protected":false},"excerpt":{"rendered":"<p>P38: une annonce qui nous pr\u00e9occupe au plus haut point Le Ministre des services sociaux, le Dr. Lionel Carmant, a annonc\u00e9 mercredi dernier, une d\u00e9marche pour: \u00ab r\u00e9aliser des travaux [&hellip;]<\/p>\n","protected":false},"author":2,"featured_media":0,"parent":0,"menu_order":0,"comment_status":"closed","ping_status":"closed","template":"","meta":{"footnotes":""},"class_list":["post-155","page","type-page","status-publish","czr-hentry"],"jetpack_sharing_enabled":true,"_links":{"self":[{"href":"https:\/\/ladroit.org\/ladroit\/wp-json\/wp\/v2\/pages\/155","targetHints":{"allow":["GET"]}}],"collection":[{"href":"https:\/\/ladroit.org\/ladroit\/wp-json\/wp\/v2\/pages"}],"about":[{"href":"https:\/\/ladroit.org\/ladroit\/wp-json\/wp\/v2\/types\/page"}],"author":[{"embeddable":true,"href":"https:\/\/ladroit.org\/ladroit\/wp-json\/wp\/v2\/users\/2"}],"replies":[{"embeddable":true,"href":"https:\/\/ladroit.org\/ladroit\/wp-json\/wp\/v2\/comments?post=155"}],"version-history":[{"count":81,"href":"https:\/\/ladroit.org\/ladroit\/wp-json\/wp\/v2\/pages\/155\/revisions"}],"predecessor-version":[{"id":2185,"href":"https:\/\/ladroit.org\/ladroit\/wp-json\/wp\/v2\/pages\/155\/revisions\/2185"}],"wp:attachment":[{"href":"https:\/\/ladroit.org\/ladroit\/wp-json\/wp\/v2\/media?parent=155"}],"curies":[{"name":"wp","href":"https:\/\/api.w.org\/{rel}","templated":true}]}}