{"id":40,"date":"2021-06-18T14:31:49","date_gmt":"2021-06-18T14:31:49","guid":{"rendered":"https:\/\/ladroit.org\/ladroit\/?page_id=40"},"modified":"2022-09-09T10:37:26","modified_gmt":"2022-09-09T14:37:26","slug":"nos-services-et-notre-mission","status":"publish","type":"page","link":"https:\/\/ladroit.org\/ladroit\/nos-services-et-notre-mission\/","title":{"rendered":"Nos services et notre mission"},"content":{"rendered":"\n<div class=\"wp-block-columns is-layout-flex wp-container-core-columns-is-layout-9d6595d7 wp-block-columns-is-layout-flex\">\n<div class=\"wp-block-column is-vertically-aligned-center is-layout-flow wp-block-column-is-layout-flow\">\n<div class=\"wp-block-buttons is-vertical is-content-justification-center is-layout-flex wp-container-core-buttons-is-layout-9a7cdcfd wp-block-buttons-is-layout-flex\">\n<div class=\"wp-block-button has-custom-width wp-block-button__width-100 is-style-outline noservicesbouton is-style-outline--1\"><a class=\"wp-block-button__link has-black-color has-white-background-color has-text-color has-background\" href=\"#laformation\">La formation<\/a><\/div>\n<\/div>\n<\/div>\n\n\n\n<div class=\"wp-block-column is-vertically-aligned-center is-layout-flow wp-block-column-is-layout-flow\">\n<div class=\"wp-block-buttons is-vertical is-layout-flex wp-container-core-buttons-is-layout-8cf370e7 wp-block-buttons-is-layout-flex\">\n<div class=\"wp-block-button has-custom-width wp-block-button__width-100 is-style-outline noservicesbouton is-style-outline--2\"><a class=\"wp-block-button__link has-black-color has-white-background-color has-text-color has-background\" href=\"#promotionetcontact\">Promotion et Sensibilisation<\/a><\/div>\n<\/div>\n<\/div>\n\n\n\n<div class=\"wp-block-column is-vertically-aligned-center is-layout-flow wp-block-column-is-layout-flow\">\n<div class=\"wp-block-buttons is-vertical is-layout-flex wp-container-core-buttons-is-layout-8cf370e7 wp-block-buttons-is-layout-flex\">\n<div class=\"wp-block-button has-custom-width wp-block-button__width-100 is-style-outline noservicesbouton is-style-outline--3\"><a class=\"wp-block-button__link has-black-color has-white-background-color has-text-color has-background\" href=\"#promotionetcontact\">Prise de contact<\/a><\/div>\n<\/div>\n<\/div>\n\n\n\n<div class=\"wp-block-column is-vertically-aligned-center is-layout-flow wp-block-column-is-layout-flow\">\n<div class=\"wp-block-buttons is-vertical is-layout-flex wp-container-core-buttons-is-layout-8cf370e7 wp-block-buttons-is-layout-flex\">\n<div class=\"wp-block-button has-custom-width wp-block-button__width-100 is-style-outline noservicesbouton is-style-outline--4\"><a class=\"wp-block-button__link has-black-color has-white-background-color has-text-color has-background\" href=\"#accompagnementetvaleurs\">L&rsquo;aide et l&rsquo;accompagnement<\/a><\/div>\n<\/div>\n<\/div>\n<\/div>\n\n\n\n<div class=\"wp-block-columns is-layout-flex wp-container-core-columns-is-layout-9d6595d7 wp-block-columns-is-layout-flex\">\n<div class=\"wp-block-column is-vertically-aligned-center is-layout-flow wp-block-column-is-layout-flow\">\n<div class=\"wp-block-buttons is-vertical is-layout-flex wp-container-core-buttons-is-layout-8cf370e7 wp-block-buttons-is-layout-flex\">\n<div class=\"wp-block-button has-custom-width wp-block-button__width-100 is-style-outline noservicesbouton is-style-outline--5\"><a class=\"wp-block-button__link has-black-color has-white-background-color has-text-color has-background\" href=\"#accompagnementetvaleurs\">Nos valeurs<\/a><\/div>\n<\/div>\n<\/div>\n\n\n\n<div class=\"wp-block-column is-vertically-aligned-center is-layout-flow wp-block-column-is-layout-flow\">\n<div class=\"wp-block-buttons is-vertical is-layout-flex wp-container-core-buttons-is-layout-8cf370e7 wp-block-buttons-is-layout-flex\">\n<div class=\"wp-block-button has-custom-width wp-block-button__width-100 is-style-outline noservicesbouton is-style-outline--6\"><a class=\"wp-block-button__link has-black-color has-white-background-color has-text-color has-background\" href=\"#actionetintervention\">Action collective<\/a><\/div>\n<\/div>\n<\/div>\n\n\n\n<div class=\"wp-block-column is-vertically-aligned-center is-layout-flow wp-block-column-is-layout-flow\">\n<div class=\"wp-block-buttons is-vertical is-layout-flex wp-container-core-buttons-is-layout-8cf370e7 wp-block-buttons-is-layout-flex\">\n<div class=\"wp-block-button has-custom-width wp-block-button__width-100 is-style-outline noservicesbouton is-style-outline--7\"><a class=\"wp-block-button__link has-black-color has-white-background-color has-text-color has-background\" href=\"#actionetintervention\">L&rsquo;intervention proactive<\/a><\/div>\n<\/div>\n<\/div>\n\n\n\n<div class=\"wp-block-column is-vertically-aligned-center is-layout-flow wp-block-column-is-layout-flow\">\n<div class=\"wp-block-buttons is-vertical is-layout-flex wp-container-core-buttons-is-layout-8cf370e7 wp-block-buttons-is-layout-flex\">\n<div class=\"wp-block-button has-custom-width wp-block-button__width-100 is-style-outline noservicesbouton is-style-outline--8\"><a class=\"wp-block-button__link has-black-color has-white-background-color has-text-color has-background\" href=\"#actionetintervention\">L&rsquo;action syst\u00e9mique<\/a><\/div>\n<\/div>\n<\/div>\n<\/div>\n\n\n\n<div class=\"wp-block-columns is-layout-flex wp-container-core-columns-is-layout-9d6595d7 wp-block-columns-is-layout-flex\">\n<div class=\"wp-block-column is-layout-flow wp-block-column-is-layout-flow\">\n<figure class=\"wp-block-embed is-type-video is-provider-youtube wp-block-embed-youtube wp-embed-aspect-4-3 wp-has-aspect-ratio\"><div class=\"wp-block-embed__wrapper\">\n<iframe loading=\"lazy\" title=\"Les services et missions de L&#039;A-Droit\" width=\"1140\" height=\"855\" src=\"https:\/\/www.youtube.com\/embed\/oGLUX6ZIziA?feature=oembed\" frameborder=\"0\" allow=\"accelerometer; autoplay; clipboard-write; encrypted-media; gyroscope; picture-in-picture\" allowfullscreen><\/iframe>\n<\/div><\/figure>\n<\/div>\n\n\n\n<div class=\"wp-block-column is-layout-flow wp-block-column-is-layout-flow\">\n<figure class=\"wp-block-image\"><img decoding=\"async\" src=\"https:\/\/ladroit.org\/images\/groupea473x209.jpg\" alt=\"https:\/\/ladroit.org\/images\/groupea473x209.jpg\"\/><\/figure>\n\n\n\n<h3 class=\"wp-block-heading\"> PRISE DE CONTACT<\/h3>\n\n\n\n<p>L\u2019accueil est primordial chez nous. Nous savons que demander de l\u2019aide est parfois une d\u00e9marche difficile. Ainsi, la plupart du temps, c\u2019est une personne qui vous r\u00e9pond lorsque vous t\u00e9l\u00e9phonez \u00e0 l\u2019organisme. Aussi, nous accueillons la personne \u00e0 titre d\u2019\u00eatre humain et de citoyen \u00e0 part enti\u00e8re. \u00c0 L\u2019A-DROIT, vous n\u2019\u00eates pas un diagnostic ni un num\u00e9ro mais une personne avec un potentiel et des besoins \u00e0 consid\u00e9rer.<\/p>\n<\/div>\n<\/div>\n\n\n\n<div class=\"wp-block-columns is-layout-flex wp-container-core-columns-is-layout-9d6595d7 wp-block-columns-is-layout-flex\" id=\"laformation\">\n<div class=\"wp-block-column is-layout-flow wp-block-column-is-layout-flow\" style=\"flex-basis:33.33%\">\n<h3 class=\"wp-block-heading\">La formation<\/h3>\n\n\n\n<p>Les groupes r\u00e9gionaux offrent un ensemble de sessions de formation afin de favoriser l\u2019exercice des droits des personnes ayant un probl\u00e8me de sant\u00e9 mentale. Chaque ann\u00e9e, L&rsquo;A-DROIT produit une programmation d&rsquo;activit\u00e9s destin\u00e9s \u00e0 ses membres et \u00e0 toute personne int\u00e9ress\u00e9e par la promotion et la d\u00e9fense des droits en sant\u00e9 mentale.<\/p>\n<\/div>\n\n\n\n<div class=\"wp-block-column is-layout-flow wp-block-column-is-layout-flow\" style=\"flex-basis:66.66%\">\n<figure class=\"wp-block-image\"><img decoding=\"async\" src=\"https:\/\/ladroit.org\/images\/conference1600x815.jpg\" alt=\"https:\/\/ladroit.org\/images\/conference1600x815.jpg\"\/><\/figure>\n<\/div>\n<\/div>\n\n\n\n<div class=\"wp-block-columns is-layout-flex wp-container-core-columns-is-layout-9d6595d7 wp-block-columns-is-layout-flex\" id=\"promotionetcontact\">\n<div class=\"wp-block-column is-vertically-aligned-center is-layout-flow wp-block-column-is-layout-flow\" style=\"flex-basis:66.66%\"><\/div>\n<\/div>\n\n\n\n<h3 class=\"has-text-align-center wp-block-heading\">Promotion et sensibilisation<\/h3>\n\n\n\n<p>La d\u00e9marche de promotion et de sensibilisation signifie que le groupe prend publiquement la parole afin de promouvoir le respect des droits des personnes vivant ou ayant v\u00e9cu un probl\u00e8me de sant\u00e9 mentale et de rendre compte de leur \u00e9tat. De plus, le groupe agit en se faisant le promoteur du principe voulant que les personnes ayant un probl\u00e8me de sant\u00e9 mentale s\u2019approprient leur autonomie et exercent un pouvoir dans tous les domaines de leur vie.<\/p>\n\n\n\n<p>En cons\u00e9quence, il favorise leur prise de parole par tous les moyens dont il dispose. Cette d\u00e9marche inclut \u00e9galement la r\u00e9alisation d\u2019activit\u00e9s et la conception d\u2019outils permettant la sensibilisation des personnes et le d\u00e9veloppement de leur sens critique par rapport aux enjeux reli\u00e9s au domaine de la sant\u00e9 mentale<\/p>\n\n\n\n<p>L\u2019A-DROIT produit 4 fois par an un journal destin\u00e9 \u00e0 ses membres afin de faire la promotion du respect des droits en sant\u00e9 mentale. L\u2019A-DROIT produit \u00e9galement des documents d\u2019information juridique vulgarisant les droits des personnes vivant avec un probl\u00e8me de sant\u00e9 mentale.<\/p>\n\n\n\n<hr class=\"wp-block-separator has-text-color has-css-opacity has-background is-style-wide\" style=\"background-color:#f0a823;color:#f0a823\"\/>\n\n\n\n<div class=\"wp-block-columns is-layout-flex wp-container-core-columns-is-layout-9d6595d7 wp-block-columns-is-layout-flex\" id=\"accompagnementetvaleurs\">\n<div class=\"wp-block-column is-layout-flow wp-block-column-is-layout-flow\" style=\"flex-basis:33.33%\">\n<figure class=\"wp-block-image\"><a href=\"https:\/\/ladroit.org\/services.html#\"><img decoding=\"async\" src=\"https:\/\/ladroit.org\/images\/conference473x209.jpg\" alt=\"\"\/><\/a><\/figure>\n\n\n\n<h3 class=\"wp-block-heading\">NOS VALEURS<\/h3>\n\n\n\n<p>Le respect de la confidentialit\u00e9 et de la vie priv\u00e9e, le respect des renseignements confidentiels et de la vie priv\u00e9e des personnes sont au c\u0153ur des pr\u00e9occupations et des actions des groupes r\u00e9gionaux de promotion et de d\u00e9fense des droits en sant\u00e9 mentale.<\/p>\n<\/div>\n\n\n\n<div class=\"wp-block-column is-layout-flow wp-block-column-is-layout-flow\" style=\"flex-basis:66.66%\">\n<h3 class=\"wp-block-heading\">L&rsquo;aide et l&rsquo;accompagnement<\/h3>\n\n\n\n<p><strong>L\u2019A-DROIT peut vous aider et vous accompagner dans la d\u00e9fense individuelle de vos droits.<\/strong><\/p>\n\n\n\n<p>L\u2019aide offerte par les groupes de d\u00e9fense des droits en sant\u00e9 mentale consiste \u00e0 soutenir des personnes dans les d\u00e9marches qu\u2019elles entreprennent pour faire valoir leurs droits et avoir acc\u00e8s aux recours pr\u00e9vus.<\/p>\n\n\n\n<p>L\u2019accompagnement va plus loin que l\u2019aide, en ce sens que le groupe, quand cela est n\u00e9cessaire, a pour mandat d\u2019accompagner les personnes qui en ont besoin dans certaines de leurs d\u00e9marches, particuli\u00e8rement lorsque celles-ci doivent faire face \u00e0 des tiers dans l\u2019exercice de leurs droits. Notre \u00e9quipe de conseill\u00e8res en d\u00e9fense de droits peut vous aider si vous vivez des difficult\u00e9s avec les Lois suivantes Loi sur les services de sant\u00e9 et des services sociaux Consentement aux soins Acc\u00e8s \u00e0 l\u2019information Confidentialit\u00e9, acc\u00e8s aux services Insatisfactions vis-\u00e0-vis les services re\u00e7us d\u2019un m\u00e9decin, une infirmi\u00e8re, travailleur social etc Isolement et contention Ressource de type familial (RTF) Changement d\u2019intervenant de m\u00e9decin et de psychiatre, etc. P-38.001 Garde en \u00e9tablissement: Contestation d\u2019une garde en \u00e9tablissement, respect de vos droits sur le d\u00e9partement de psychiatrie Plainte vis-\u00e0-vis les services re\u00e7us d\u2019un professionnel de la sant\u00e9 R\u00e9gimes de protection (Curateur, DPJ) Ordonnance de traitement et d\u2019h\u00e9bergement Droits sociaux li\u00e9s au travail, Normes du travail, SAAQ Assurance-emploi Aide sociale (lorsqu\u2019un groupe ne dessert pas cette r\u00e9gion) R\u00e9gie des rentes IVAC&nbsp;<strong>Toute forme d\u2019abus ou d\u2019exploitation!<\/strong><\/p>\n<\/div>\n<\/div>\n\n\n\n<hr class=\"wp-block-separator has-text-color has-css-opacity has-background is-style-wide\" style=\"background-color:#f0a823;color:#f0a823\"\/>\n\n\n\n<div class=\"wp-block-columns is-layout-flex wp-container-core-columns-is-layout-9d6595d7 wp-block-columns-is-layout-flex\" id=\"actionetintervention\">\n<div class=\"wp-block-column has-luminous-vivid-amber-background-color has-background is-layout-flow wp-block-column-is-layout-flow\">\n<h3 class=\"has-text-align-center wp-block-heading\">Action Collective<\/h3>\n\n\n\n<p>Ce type d\u2019intervention comprend l\u2019ensemble des actions men\u00e9es par le groupe de promotion et de d\u00e9fense des droits pour le b\u00e9n\u00e9fice d\u2019un groupe de personnes ou encore d\u2019individus isol\u00e9s mais dont les probl\u00e8mes s\u2019av\u00e8rent de m\u00eame nature. L\u2019action collective peut prendre diverses formes et il y a de nombreux avantages \u00e0 se regrouper afin de faire valoir ses droits. Contactez-nous si vous \u00eates plusieurs personnes qui souhaitent faire une d\u00e9marche collective!<\/p>\n<\/div>\n\n\n\n<div class=\"wp-block-column is-layout-flow wp-block-column-is-layout-flow\">\n<h3 class=\"has-text-align-center wp-block-heading\">L&rsquo;intervention proactive<\/h3>\n\n\n\n<p>Ce type d\u2019intervention comprend l\u2019ensemble des actions men\u00e9es par le groupe lorsqu\u2019il croit qu\u2019une ou des personnes, de mani\u00e8re permanente ou temporaire, vivent des difficult\u00e9s telles que, si leurs droits sont l\u00e9s\u00e9s, elles ne seraient pas en mesure de solliciter une aide. Cependant, une telle intervention doit toujours respecter la volont\u00e9 de la personne qui la requiert.<\/p>\n<\/div>\n\n\n\n<div class=\"wp-block-column has-luminous-vivid-amber-background-color has-background is-layout-flow wp-block-column-is-layout-flow\">\n<h3 class=\"has-text-align-center wp-block-heading\">L&rsquo;action syst\u00e9mique<\/h3>\n\n\n\n<p>Ce type d\u2019intervention comprend l\u2019ensemble des actions men\u00e9es par le groupe afin de mettre en cause le bien fond\u00e9 ou l\u2019application d\u2019un r\u00e8glement, d\u2019une pratique ou d\u2019une politique d\u2019un \u00e9tablissement public ou d\u2019une corporation priv\u00e9e ayant une incidence n\u00e9faste sur le respect des droits des personnes. L\u2019A-DROIT prend position sur les enjeux li\u00e9s aux droits en sant\u00e9 mentale par le biais de son journal, ses repr\u00e9sentations aupr\u00e8s des diverses instances de concertation, dans les m\u00e9dias lorsque requis et de toutes les formes pouvant servir l\u2019int\u00e9r\u00eat des personnes vivant avec un probl\u00e8me de sant\u00e9 mentale. Cette mission se r\u00e9alise \u00e9galement par la participation aux actions de l\u2019AGIDD-SMQ, notre association provinciale.<\/p>\n<\/div>\n<\/div>\n\n\n<p><script src=\"https:\/\/code.responsivevoice.org\/responsivevoice.js?key=5SQ0t3iO\"><\/script><\/p>\n","protected":false},"excerpt":{"rendered":"<p>PRISE DE CONTACT L\u2019accueil est primordial chez nous. Nous savons que demander de l\u2019aide est parfois une d\u00e9marche difficile. Ainsi, la plupart du temps, c\u2019est une personne qui vous r\u00e9pond [&hellip;]<\/p>\n","protected":false},"author":2,"featured_media":0,"parent":0,"menu_order":0,"comment_status":"closed","ping_status":"closed","template":"","meta":{"footnotes":""},"class_list":["post-40","page","type-page","status-publish","czr-hentry"],"jetpack_sharing_enabled":true,"_links":{"self":[{"href":"https:\/\/ladroit.org\/ladroit\/wp-json\/wp\/v2\/pages\/40","targetHints":{"allow":["GET"]}}],"collection":[{"href":"https:\/\/ladroit.org\/ladroit\/wp-json\/wp\/v2\/pages"}],"about":[{"href":"https:\/\/ladroit.org\/ladroit\/wp-json\/wp\/v2\/types\/page"}],"author":[{"embeddable":true,"href":"https:\/\/ladroit.org\/ladroit\/wp-json\/wp\/v2\/users\/2"}],"replies":[{"embeddable":true,"href":"https:\/\/ladroit.org\/ladroit\/wp-json\/wp\/v2\/comments?post=40"}],"version-history":[{"count":63,"href":"https:\/\/ladroit.org\/ladroit\/wp-json\/wp\/v2\/pages\/40\/revisions"}],"predecessor-version":[{"id":2089,"href":"https:\/\/ladroit.org\/ladroit\/wp-json\/wp\/v2\/pages\/40\/revisions\/2089"}],"wp:attachment":[{"href":"https:\/\/ladroit.org\/ladroit\/wp-json\/wp\/v2\/media?parent=40"}],"curies":[{"name":"wp","href":"https:\/\/api.w.org\/{rel}","templated":true}]}}