{"id":83,"date":"2021-06-18T15:32:00","date_gmt":"2021-06-18T15:32:00","guid":{"rendered":"https:\/\/ladroit.org\/ladroit\/?page_id=83"},"modified":"2025-09-08T11:51:36","modified_gmt":"2025-09-08T15:51:36","slug":"lequipe-et-lhistoire-de-la-droit","status":"publish","type":"page","link":"https:\/\/ladroit.org\/ladroit\/lequipe-et-lhistoire-de-la-droit\/","title":{"rendered":"L&rsquo;\u00e9quipe et l&rsquo;histoire de L&rsquo;A-Droit"},"content":{"rendered":"\n<div class=\"wp-block-columns is-layout-flex wp-container-core-columns-is-layout-9d6595d7 wp-block-columns-is-layout-flex\">\n<div class=\"wp-block-column is-vertically-aligned-top is-layout-flow wp-block-column-is-layout-flow\" style=\"flex-basis:66.66%\">\n<figure class=\"wp-block-image\"><a href=\"https:\/\/ladroit.org\/apropos.html#\"><img decoding=\"async\" src=\"https:\/\/ladroit.org\/images\/dessin1600x815.jpg\" alt=\"\"\/><\/a><\/figure>\n\n\n\n<h3 class=\"wp-block-heading\">Histoire de L&rsquo;A-DROIT<\/h3>\n\n\n\n<p>Fond\u00e9e en 2002 suite \u00e0 la fermeture de l&rsquo;ancien groupe de promotion et de d\u00e9fense de droits en sant\u00e9 mentale dans la r\u00e9gion, L&rsquo;A-DROIT est \u00e0 ce jour le plus jeune groupe r\u00e9gional membre de l\u2019AGIDD-SMQ<\/p>\n\n\n\n<p>Notre histoire est li\u00e9e tout d&rsquo;abord \u00e0 la d\u00e9termination de ses fondateurs qui souhaitaient remettre en place un groupe r\u00e9gional et permettre aux personnes utilisatrices de services d&rsquo;\u00eatre aid\u00e9es dans la d\u00e9fense de leurs droits.<\/p>\n\n\n\n<p>En 2002, le conseil d&rsquo;administration provisoire compos\u00e9 de Claude Asselin, Martin Lemay, Jean-Marc Saint-Pierre, Paul Chr\u00e9tien, Denis Cliche et Roger Grondin \u00e9tait assist\u00e9 de Fran\u00e7ois Winter, travaillant \u00e0 l&rsquo;\u00e9poque pour l&rsquo;AGIDD-SMQ en Chaudi\u00e8re-Appalaches, ont mis en place L&rsquo;A-DROIT. L&rsquo;\u00e9nergie et le dynamisme associ\u00e9e \u00e0 notre d\u00e9marche de cr\u00e9ation ne s&rsquo;est jamais tarie puisque L&rsquo;A-DROIT n&rsquo;a cess\u00e9 de se d\u00e9velopper depuis, tout en conservant l&rsquo;esprit de camaraderie, de complicit\u00e9 et d&rsquo;engagement qui nous a toujours caract\u00e9ris\u00e9\u2026<\/p>\n\n\n\n<p>Nous aidons maintenant pr\u00e8s de 10 fois plus de personnes qu&rsquo;\u00e0 nos d\u00e9buts. Notre organisme a pris position sur de nombreux enjeux li\u00e9s aux droits en sant\u00e9 mentale dans la r\u00e9gion et au Qu\u00e9bec. Nous avons accompagn\u00e9 des centaines de personnes utilisatrices de services en sant\u00e9 mentale dans la r\u00e9gion.<\/p>\n\n\n\n<p>Nous avons lutt\u00e9 et luttons toujours pour le respect des droits en sant\u00e9 mentale en \u00e9tant debout, \u00e0 vos c\u00f4t\u00e9s, afin que la psychiatrie soit plus humaine et respectueuse des droits fondamentaux des personnes vivant avec un probl\u00e8me de sant\u00e9 mentale qui sont des citoyens \u00e0 part enti\u00e8re.<\/p>\n\n\n<a href=\"https:\/\/ladroit.org\/ladroit\/wp-content\/uploads\/2021\/07\/document15eme.pdf\" class=\"pdfemb-viewer\" style=\"\" data-width=\"max\" data-height=\"max\" data-toolbar=\"both\" data-toolbar-fixed=\"on\">document15eme<\/a>\n<p class=\"wp-block-pdfemb-pdf-embedder-viewer\"><\/p>\n<\/div>\n\n\n\n<div class=\"wp-block-column is-vertically-aligned-top is-layout-flow wp-block-column-is-layout-flow\" style=\"flex-basis:33.33%\">\n<h3 class=\"wp-block-heading\">Composition du conseil d&rsquo;administration 2025-2026<\/h3>\n\n\n\n<p>Pr\u00e9sident: Jason Morin<\/p>\n\n\n\n<p>Vice-pr\u00e9sident: Maurice Saint-Georges<\/p>\n\n\n\n<p>Secr\u00e9taire: H\u00e9l\u00e8ne Chabot<\/p>\n\n\n\n<p>Tr\u00e9sori\u00e8re: Marise Proulx<\/p>\n\n\n\n<p>Administrateur: Martin Lemay<\/p>\n\n\n\n<p>Administratrice: Clairette Chabot<\/p>\n\n\n\n<p>Administratrice: Marie-Claude Dub\u00e9<\/p>\n\n\n\n<h3 class=\"wp-block-heading\">\u00c9quipe de travail<\/h3>\n\n\n<div class=\"wp-block-image\">\n<figure class=\"aligncenter size-large\"><img loading=\"lazy\" decoding=\"async\" width=\"1024\" height=\"768\" src=\"https:\/\/ladroit.org\/ladroit\/wp-content\/uploads\/2024\/10\/equipe-et-CA-1024x768.jpg\" alt=\"\" class=\"wp-image-2232\" srcset=\"https:\/\/ladroit.org\/ladroit\/wp-content\/uploads\/2024\/10\/equipe-et-CA-1024x768.jpg 1024w, https:\/\/ladroit.org\/ladroit\/wp-content\/uploads\/2024\/10\/equipe-et-CA-300x225.jpg 300w, https:\/\/ladroit.org\/ladroit\/wp-content\/uploads\/2024\/10\/equipe-et-CA-768x576.jpg 768w, https:\/\/ladroit.org\/ladroit\/wp-content\/uploads\/2024\/10\/equipe-et-CA-1536x1152.jpg 1536w, https:\/\/ladroit.org\/ladroit\/wp-content\/uploads\/2024\/10\/equipe-et-CA-1320x990.jpg 1320w, https:\/\/ladroit.org\/ladroit\/wp-content\/uploads\/2024\/10\/equipe-et-CA-600x450.jpg 600w, https:\/\/ladroit.org\/ladroit\/wp-content\/uploads\/2024\/10\/equipe-et-CA.jpg 2048w\" sizes=\"auto, (max-width: 1024px) 100vw, 1024px\" \/><\/figure>\n<\/div>\n\n\n<ul class=\"wp-block-list\">\n<li>Fran\u00e7ois Winter &#8211; Directeur g\u00e9n\u00e9ral<\/li>\n\n\n\n<li>Isabelle Doneys &#8211; Conseill\u00e8re en d\u00e9fense de droits<\/li>\n\n\n\n<li>Marie-Jos\u00e9e Boucher- Charg\u00e9e de projet DRSM<\/li>\n\n\n\n<li>Nadine Mibel &#8211; Conseill\u00e8re en d\u00e9fense de droits<\/li>\n\n\n\n<li>Max Talhou\u00ebt &#8211; Conseill\u00e8re en d\u00e9fense de droits de proximit\u00e9<\/li>\n\n\n\n<li>Isabelle Fournier &#8211; Charg\u00e9e de projet Repr\u00e9sent&rsquo;ACTION<\/li>\n\n\n\n<li>Jean Robens Th\u00e9ag\u00e8ne &#8211; Conseiller en d\u00e9fense collective des droits.<\/li>\n<\/ul>\n<\/div>\n<\/div>\n\n\n\n<div class=\"wp-block-columns are-vertically-aligned-center is-layout-flex wp-container-core-columns-is-layout-9d6595d7 wp-block-columns-is-layout-flex\">\n<div class=\"wp-block-column is-vertically-aligned-center is-layout-flow wp-block-column-is-layout-flow\" style=\"flex-basis:100%\">\n<div class=\"wp-block-columns is-layout-flex wp-container-core-columns-is-layout-9d6595d7 wp-block-columns-is-layout-flex\">\n<div class=\"wp-block-column is-layout-flow wp-block-column-is-layout-flow\">\n<h2 class=\"wp-block-heading\">L&rsquo;\u00e9quipe :<\/h2>\n\n\n\n<div class=\"wp-block-group\"><div class=\"wp-block-group__inner-container is-layout-flow wp-block-group-is-layout-flow\">\n<h3 class=\"wp-block-heading\">Fran\u00e7ois Winter, Directeur g\u00e9n\u00e9ral:<\/h3>\n<\/div><\/div>\n\n\n\n<p><\/p>\n\n\n\n<div class=\"wp-block-columns is-layout-flex wp-container-core-columns-is-layout-9d6595d7 wp-block-columns-is-layout-flex\">\n<div class=\"wp-block-column is-layout-flow wp-block-column-is-layout-flow\" style=\"flex-basis:33.33%\">\n<figure class=\"wp-block-image size-large is-style-rounded\"><img loading=\"lazy\" decoding=\"async\" width=\"1821\" height=\"1824\" src=\"https:\/\/ladroit.org\/ladroit\/wp-content\/uploads\/2022\/09\/Francois2_Web-edited.jpg\" alt=\"\" class=\"wp-image-2049\" srcset=\"https:\/\/ladroit.org\/ladroit\/wp-content\/uploads\/2022\/09\/Francois2_Web-edited.jpg 1821w, https:\/\/ladroit.org\/ladroit\/wp-content\/uploads\/2022\/09\/Francois2_Web-edited-300x300.jpg 300w, https:\/\/ladroit.org\/ladroit\/wp-content\/uploads\/2022\/09\/Francois2_Web-edited-1022x1024.jpg 1022w, https:\/\/ladroit.org\/ladroit\/wp-content\/uploads\/2022\/09\/Francois2_Web-edited-150x150.jpg 150w, https:\/\/ladroit.org\/ladroit\/wp-content\/uploads\/2022\/09\/Francois2_Web-edited-768x769.jpg 768w, https:\/\/ladroit.org\/ladroit\/wp-content\/uploads\/2022\/09\/Francois2_Web-edited-1533x1536.jpg 1533w, https:\/\/ladroit.org\/ladroit\/wp-content\/uploads\/2022\/09\/Francois2_Web-edited-510x510.jpg 510w, https:\/\/ladroit.org\/ladroit\/wp-content\/uploads\/2022\/09\/Francois2_Web-edited-1320x1322.jpg 1320w, https:\/\/ladroit.org\/ladroit\/wp-content\/uploads\/2022\/09\/Francois2_Web-edited-600x601.jpg 600w, https:\/\/ladroit.org\/ladroit\/wp-content\/uploads\/2022\/09\/Francois2_Web-edited-100x100.jpg 100w\" sizes=\"auto, (max-width: 1821px) 100vw, 1821px\" \/><\/figure>\n\n\n\n<p class=\"has-text-align-center has-medium-font-size\">Email ?:<br><a href=\"mailto:isabelle@ladroit.org\"><\/a><a href=\"mailto:francois@ladroit.org\"><\/a><a href=\"mailto:francois@ladroit.org\">francois@ladroit.org<\/a><\/p>\n<\/div>\n\n\n\n<div class=\"wp-block-column is-vertically-aligned-center is-layout-flow wp-block-column-is-layout-flow\" style=\"flex-basis:66.66%\">\n<figure class=\"wp-block-embed is-type-video is-provider-youtube wp-block-embed-youtube wp-embed-aspect-4-3 wp-has-aspect-ratio\"><div class=\"wp-block-embed__wrapper\">\n<iframe loading=\"lazy\" title=\"Fran\u00e7ois Winter, Directeur G\u00e9n\u00e9ral\" width=\"1140\" height=\"855\" src=\"https:\/\/www.youtube.com\/embed\/9QojEOzeRbs?feature=oembed\" frameborder=\"0\" allow=\"accelerometer; autoplay; clipboard-write; encrypted-media; gyroscope; picture-in-picture; web-share\" referrerpolicy=\"strict-origin-when-cross-origin\" allowfullscreen><\/iframe>\n<\/div><\/figure>\n<\/div>\n<\/div>\n\n\n\n<p>Fran\u00e7ois est co-fondateur de L\u2019A-DROIT depuis les d\u00e9buts de l\u2019organisme en 2002. Il est passionn\u00e9 de la d\u00e9fense des droits et est enti\u00e8rement d\u00e9vou\u00e9 \u00e0 L\u2019A-DROIT depuis sa fondation. Fran\u00e7ois poss\u00e8de un baccalaur\u00e9at en communication, une technique en travail social et une formation en psychologie et en gestion des ressources humaines.Toujours \u00e0 l\u2019\u00e9coute des autres, compr\u00e9hensif et int\u00e8gre, Fran\u00e7ois poss\u00e8de toutes les qualit\u00e9s d\u2019un excellent directeur.<\/p>\n\n\n\n<p>* Occupe \u00e9galement le poste de responsable de la protection et de la gestion des renseignements personnels.<\/p>\n\n\n\n<hr class=\"wp-block-separator has-text-color has-css-opacity has-background\" style=\"background-color:#f0a823;color:#f0a823\"\/>\n\n\n\n<h3 class=\"wp-block-heading has-text-align-left\">Isabelle Doneys, Conseill\u00e8re en d\u00e9fense de droits :<\/h3>\n\n\n\n<div class=\"wp-block-columns is-layout-flex wp-container-core-columns-is-layout-9d6595d7 wp-block-columns-is-layout-flex\">\n<div class=\"wp-block-column is-layout-flow wp-block-column-is-layout-flow\" style=\"flex-basis:66.66%\">\n<figure class=\"wp-block-embed aligncenter is-type-video is-provider-youtube wp-block-embed-youtube wp-embed-aspect-4-3 wp-has-aspect-ratio\"><div class=\"wp-block-embed__wrapper\">\n<iframe loading=\"lazy\" title=\"L&#039;employ\u00e9 du mois: Isabelle, conseill\u00e8re en d\u00e9fense de droits\" width=\"1140\" height=\"855\" src=\"https:\/\/www.youtube.com\/embed\/kO5KKDug_mI?feature=oembed\" frameborder=\"0\" allow=\"accelerometer; autoplay; clipboard-write; encrypted-media; gyroscope; picture-in-picture; web-share\" referrerpolicy=\"strict-origin-when-cross-origin\" allowfullscreen><\/iframe>\n<\/div><\/figure>\n<\/div>\n\n\n\n<div class=\"wp-block-column is-vertically-aligned-center is-layout-flow wp-block-column-is-layout-flow\" style=\"flex-basis:33.33%\"><div class=\"wp-block-image is-style-rounded\">\n<figure class=\"aligncenter size-large\"><img loading=\"lazy\" decoding=\"async\" width=\"1824\" height=\"1824\" src=\"https:\/\/ladroit.org\/ladroit\/wp-content\/uploads\/2022\/09\/Isabelle_Web-edited.jpeg\" alt=\"\" class=\"wp-image-2054\" srcset=\"https:\/\/ladroit.org\/ladroit\/wp-content\/uploads\/2022\/09\/Isabelle_Web-edited.jpeg 1824w, https:\/\/ladroit.org\/ladroit\/wp-content\/uploads\/2022\/09\/Isabelle_Web-edited-300x300.jpeg 300w, https:\/\/ladroit.org\/ladroit\/wp-content\/uploads\/2022\/09\/Isabelle_Web-edited-1024x1024.jpeg 1024w, https:\/\/ladroit.org\/ladroit\/wp-content\/uploads\/2022\/09\/Isabelle_Web-edited-150x150.jpeg 150w, https:\/\/ladroit.org\/ladroit\/wp-content\/uploads\/2022\/09\/Isabelle_Web-edited-768x768.jpeg 768w, https:\/\/ladroit.org\/ladroit\/wp-content\/uploads\/2022\/09\/Isabelle_Web-edited-1536x1536.jpeg 1536w, https:\/\/ladroit.org\/ladroit\/wp-content\/uploads\/2022\/09\/Isabelle_Web-edited-510x510.jpeg 510w, https:\/\/ladroit.org\/ladroit\/wp-content\/uploads\/2022\/09\/Isabelle_Web-edited-1320x1320.jpeg 1320w, https:\/\/ladroit.org\/ladroit\/wp-content\/uploads\/2022\/09\/Isabelle_Web-edited-600x600.jpeg 600w, https:\/\/ladroit.org\/ladroit\/wp-content\/uploads\/2022\/09\/Isabelle_Web-edited-100x100.jpeg 100w\" sizes=\"auto, (max-width: 1824px) 100vw, 1824px\" \/><\/figure>\n<\/div>\n\n\n<p class=\"has-text-align-center has-medium-font-size\">Email ?:<br><a href=\"mailto:isabelle@ladroit.org\">isabelle@ladroit.org<\/a><\/p>\n<\/div>\n<\/div>\n\n\n\n<p>Isabelle s\u2019occupe des gens avec un soin sp\u00e9cial. Travaillant \u00e0 L\u2019A-DROIT depuis 2010, elle poss\u00e8de une excellente expertise dans le domaine de la d\u00e9fense des droits. Isabelle a \u00e9tudi\u00e9 dans le domaine des sciences sociales. Elle adore la lecture et l\u2019\u00e9tude des m\u00e9decines douces et alternatives.<\/p>\n\n\n\n<hr class=\"wp-block-separator has-text-color has-css-opacity has-background\" style=\"background-color:#f0a823;color:#f0a823\"\/>\n\n\n\n<h2 class=\"wp-block-heading\">Nadine Mibel, Conseill\u00e8re en d\u00e9fense de droits<\/h2>\n\n\n\n<div class=\"wp-block-columns is-layout-flex wp-container-core-columns-is-layout-9d6595d7 wp-block-columns-is-layout-flex\">\n<div class=\"wp-block-column is-vertically-aligned-center is-layout-flow wp-block-column-is-layout-flow\" style=\"flex-basis:66.66%\">\n<p>Nadine Mibel, n\u00e9e en Ha\u00efti, est une femme aux talents multiple: ayant fait des \u00e9tudes en droit, elle a travaill\u00e9 en administration, dans les milieux scolaires et, bien s\u00fbr, dans le milieu communautaire. Attentive et \u00e0 l&rsquo;\u00e9coute, elle est tr\u00e8s attach\u00e9e aux valeurs de spiritualit\u00e9, de justice, d&rsquo;\u00e9galit\u00e9, d&rsquo;amour et surtout de service envers les autres et la collectivit\u00e9. <\/p>\n<\/div>\n\n\n\n<div class=\"wp-block-column is-layout-flow wp-block-column-is-layout-flow\" style=\"flex-basis:33.33%\">\n<figure class=\"wp-block-image size-full is-style-rounded\"><img loading=\"lazy\" decoding=\"async\" width=\"512\" height=\"512\" src=\"https:\/\/ladroit.org\/ladroit\/wp-content\/uploads\/2023\/08\/image-2.png\" alt=\"\" class=\"wp-image-2201\" srcset=\"https:\/\/ladroit.org\/ladroit\/wp-content\/uploads\/2023\/08\/image-2.png 512w, https:\/\/ladroit.org\/ladroit\/wp-content\/uploads\/2023\/08\/image-2-300x300.png 300w, https:\/\/ladroit.org\/ladroit\/wp-content\/uploads\/2023\/08\/image-2-150x150.png 150w, https:\/\/ladroit.org\/ladroit\/wp-content\/uploads\/2023\/08\/image-2-510x510.png 510w, https:\/\/ladroit.org\/ladroit\/wp-content\/uploads\/2023\/08\/image-2-100x100.png 100w\" sizes=\"auto, (max-width: 512px) 100vw, 512px\" \/><\/figure>\n<\/div>\n<\/div>\n\n\n\n<p class=\"has-text-align-right\">Email ?:<a href=\"mailto:nadine.mibel@ladroit.org\" data-type=\"mailto\" data-id=\"mailto:nadine.mibel@ladroit.org\">nadine.mibel@ladroit.org<\/a><\/p>\n\n\n\n<hr class=\"wp-block-separator has-text-color has-css-opacity has-background\" style=\"background-color:#f0a823;color:#f0a823\"\/>\n\n\n\n<h3 class=\"wp-block-heading has-text-align-left\"><br>Danielle G\u00e9linas-Martel, Conseill\u00e8re en d\u00e9fense de droits de proximit\u00e9:<\/h3>\n\n\n\n<p class=\"has-text-align-left\"><\/p>\n\n\n\n<div class=\"wp-block-columns is-layout-flex wp-container-core-columns-is-layout-9d6595d7 wp-block-columns-is-layout-flex\">\n<div class=\"wp-block-column is-layout-flow wp-block-column-is-layout-flow\" style=\"flex-basis:33.33%\">\n<figure class=\"wp-block-image size-large is-style-rounded\"><img loading=\"lazy\" decoding=\"async\" width=\"1499\" height=\"1499\" src=\"https:\/\/ladroit.org\/ladroit\/wp-content\/uploads\/2022\/09\/Danielle_Web-edited.jpeg\" alt=\"\" class=\"wp-image-2064\" srcset=\"https:\/\/ladroit.org\/ladroit\/wp-content\/uploads\/2022\/09\/Danielle_Web-edited.jpeg 1499w, https:\/\/ladroit.org\/ladroit\/wp-content\/uploads\/2022\/09\/Danielle_Web-edited-300x300.jpeg 300w, https:\/\/ladroit.org\/ladroit\/wp-content\/uploads\/2022\/09\/Danielle_Web-edited-1024x1024.jpeg 1024w, https:\/\/ladroit.org\/ladroit\/wp-content\/uploads\/2022\/09\/Danielle_Web-edited-150x150.jpeg 150w, https:\/\/ladroit.org\/ladroit\/wp-content\/uploads\/2022\/09\/Danielle_Web-edited-768x768.jpeg 768w, https:\/\/ladroit.org\/ladroit\/wp-content\/uploads\/2022\/09\/Danielle_Web-edited-510x510.jpeg 510w, https:\/\/ladroit.org\/ladroit\/wp-content\/uploads\/2022\/09\/Danielle_Web-edited-1320x1320.jpeg 1320w, https:\/\/ladroit.org\/ladroit\/wp-content\/uploads\/2022\/09\/Danielle_Web-edited-600x600.jpeg 600w, https:\/\/ladroit.org\/ladroit\/wp-content\/uploads\/2022\/09\/Danielle_Web-edited-100x100.jpeg 100w\" sizes=\"auto, (max-width: 1499px) 100vw, 1499px\" \/><\/figure>\n\n\n\n<p class=\"has-text-align-center has-medium-font-size\">Email ?:<a rel=\"noreferrer noopener\" href=\"mailto:danielle.gelinas-martel@ladroit.org\" target=\"_blank\">danielle.gelinas-martel@ladroit.org<\/a><\/p>\n<\/div>\n\n\n\n<div class=\"wp-block-column is-layout-flow wp-block-column-is-layout-flow\"><\/div>\n\n\n\n<div class=\"wp-block-column is-layout-flow wp-block-column-is-layout-flow\" style=\"flex-basis:66.66%\">\n<figure class=\"wp-block-embed is-type-video is-provider-youtube wp-block-embed-youtube wp-embed-aspect-4-3 wp-has-aspect-ratio\"><div class=\"wp-block-embed__wrapper\">\n<iframe loading=\"lazy\" title=\"L&#039;employ\u00e9 du mois: Danielle G-Martel, Conseill\u00e8re en d\u00e9fense de droits de proximit\u00e9\" width=\"1140\" height=\"855\" src=\"https:\/\/www.youtube.com\/embed\/q_M_fl3s3pY?feature=oembed\" frameborder=\"0\" allow=\"accelerometer; autoplay; clipboard-write; encrypted-media; gyroscope; picture-in-picture; web-share\" referrerpolicy=\"strict-origin-when-cross-origin\" allowfullscreen><\/iframe>\n<\/div><\/figure>\n<\/div>\n<\/div>\n\n\n\n<p>Danielle G\u00e9linas-Martel est conseill\u00e8re en d\u00e9fense de droits de proximit\u00e9. Originaire de la Mauricie, plus pr\u00e9cis\u00e9ment de Shawinigan la ville de l\u2019\u00e9nergie, voil\u00e0 d\u2019o\u00f9 elle tient sa constante bonne humeur.<br>En 2015, suite \u00e0 un transfert d\u2019emploi de son conjoint dans la r\u00e9gion de Chaudi\u00e8re-Appalaches, ils ont d\u00e9cid\u00e9 d\u2019y emm\u00e9nager. Dans ses temps libre, Danielle adore faire des activit\u00e9s avec ses petits-enfants, aller marcher, retourner dans son coin de pays, mais surtout elle adore le magasinage !<\/p>\n\n\n\n<hr class=\"wp-block-separator has-text-color has-css-opacity has-background\" style=\"background-color:#f0a823;color:#f0a823\"\/>\n\n\n\n<p class=\"has-text-align-left\"><\/p>\n\n\n\n<h3 class=\"wp-block-heading has-text-align-left\"><br>Marie-Jos\u00e9e Boucher, Charg\u00e9 de projet de l&rsquo;application DRSM :<\/h3>\n\n\n\n<p class=\"has-text-align-left has-medium-font-size\">Email ?:<a href=\"mailto:marie-josee.boucher@ladroit.org\" target=\"_blank\" rel=\"noreferrer noopener\">marie-josee.boucher@ladroit.org<\/a><\/p>\n\n\n\n<div class=\"wp-block-columns is-layout-flex wp-container-core-columns-is-layout-9d6595d7 wp-block-columns-is-layout-flex\">\n<div class=\"wp-block-column is-layout-flow wp-block-column-is-layout-flow\" style=\"flex-basis:33.33%\">\n<figure class=\"wp-block-image size-full is-style-rounded\"><img loading=\"lazy\" decoding=\"async\" width=\"540\" height=\"540\" src=\"https:\/\/ladroit.org\/ladroit\/wp-content\/uploads\/2023\/08\/Screenshot_20230310-155046_Messenger_2-edited.jpg\" alt=\"\" class=\"wp-image-2200\" srcset=\"https:\/\/ladroit.org\/ladroit\/wp-content\/uploads\/2023\/08\/Screenshot_20230310-155046_Messenger_2-edited.jpg 540w, https:\/\/ladroit.org\/ladroit\/wp-content\/uploads\/2023\/08\/Screenshot_20230310-155046_Messenger_2-edited-300x300.jpg 300w, https:\/\/ladroit.org\/ladroit\/wp-content\/uploads\/2023\/08\/Screenshot_20230310-155046_Messenger_2-edited-150x150.jpg 150w, https:\/\/ladroit.org\/ladroit\/wp-content\/uploads\/2023\/08\/Screenshot_20230310-155046_Messenger_2-edited-510x510.jpg 510w, https:\/\/ladroit.org\/ladroit\/wp-content\/uploads\/2023\/08\/Screenshot_20230310-155046_Messenger_2-edited-100x100.jpg 100w\" sizes=\"auto, (max-width: 540px) 100vw, 540px\" \/><\/figure>\n<\/div>\n\n\n\n<div class=\"wp-block-column is-vertically-aligned-center is-layout-flow wp-block-column-is-layout-flow\" style=\"flex-basis:66.66%\">\n<p>Marie Jos\u00e9e Boucher est d\u00e9tentrice d\u2019un dipl\u00f4me en infographie. Elle excelle dans le domaine du service client et est disponible pour donner des rencontres et des ateliers sur l\u2019application DRSM.<\/p>\n<\/div>\n<\/div>\n<\/div>\n<\/div>\n<\/div>\n<\/div>\n\n\n<p><script src=\"https:\/\/code.responsivevoice.org\/responsivevoice.js?key=5SQ0t3iO\"><\/script><\/p>\n","protected":false},"excerpt":{"rendered":"<p>Histoire de L&rsquo;A-DROIT Fond\u00e9e en 2002 suite \u00e0 la fermeture de l&rsquo;ancien groupe de promotion et de d\u00e9fense de droits en sant\u00e9 mentale dans la r\u00e9gion, L&rsquo;A-DROIT est \u00e0 ce [&hellip;]<\/p>\n","protected":false},"author":2,"featured_media":0,"parent":0,"menu_order":0,"comment_status":"closed","ping_status":"closed","template":"","meta":{"footnotes":""},"class_list":["post-83","page","type-page","status-publish","czr-hentry"],"jetpack_sharing_enabled":true,"_links":{"self":[{"href":"https:\/\/ladroit.org\/ladroit\/wp-json\/wp\/v2\/pages\/83","targetHints":{"allow":["GET"]}}],"collection":[{"href":"https:\/\/ladroit.org\/ladroit\/wp-json\/wp\/v2\/pages"}],"about":[{"href":"https:\/\/ladroit.org\/ladroit\/wp-json\/wp\/v2\/types\/page"}],"author":[{"embeddable":true,"href":"https:\/\/ladroit.org\/ladroit\/wp-json\/wp\/v2\/users\/2"}],"replies":[{"embeddable":true,"href":"https:\/\/ladroit.org\/ladroit\/wp-json\/wp\/v2\/comments?post=83"}],"version-history":[{"count":121,"href":"https:\/\/ladroit.org\/ladroit\/wp-json\/wp\/v2\/pages\/83\/revisions"}],"predecessor-version":[{"id":2315,"href":"https:\/\/ladroit.org\/ladroit\/wp-json\/wp\/v2\/pages\/83\/revisions\/2315"}],"wp:attachment":[{"href":"https:\/\/ladroit.org\/ladroit\/wp-json\/wp\/v2\/media?parent=83"}],"curies":[{"name":"wp","href":"https:\/\/api.w.org\/{rel}","templated":true}]}}