{"id":2,"date":"2018-03-26T14:35:09","date_gmt":"2018-03-26T14:35:09","guid":{"rendered":"https:\/\/ladroit.org\/podcast\/?page_id=2"},"modified":"2020-06-22T11:17:10","modified_gmt":"2020-06-22T15:17:10","slug":"sample-page","status":"publish","type":"page","link":"https:\/\/ladroit.org\/podcast\/","title":{"rendered":"Voici la cha\u00eene de baladodiffusion de L&#8217;A-Droit"},"content":{"rendered":"<p>Cliquez sur une des cat\u00e9gories pour voir les balados, puis cliquez sur le balado que vous voulez \u00e9couter.<\/p>\n<div id=\"single-song-player\">\n      <img data-amplitude-song-info=\"cover_art_url\"\/>\n      <div class=\"bottom-container\">\n        <progress class=\"amplitude-song-played-progress\" id=\"song-played-progress\"><\/progress>\n\n        <div class=\"time-container\">\n          <span class=\"current-time\">\n            <span class=\"amplitude-current-minutes\"><\/span>:<span class=\"amplitude-current-seconds\"><\/span>\n          <\/span>\n          <span class=\"duration\">\n            <span class=\"amplitude-duration-minutes\"><\/span>:<span class=\"amplitude-duration-seconds\"><\/span>\n          <\/span>\n        <\/div>\n\n      <div class=\"control-container\">\n        <div class=\"amplitude-prev\"><\/div>\n        <div class=\"amplitude-play-pause\" id=\"play-pause\"><\/div>\n        <div class=\"amplitude-next\"><\/div>\n\n          <div class=\"meta-container\">\n            <span data-amplitude-song-info=\"name\" class=\"song-name\"><\/span>\n            <span data-amplitude-song-info=\"artist\"><\/span>\n          <\/div>\n      <\/div>\n  <\/div>\n<\/div>\n<h2>Podcast de L'A-Droit de Chaudi\u00e8re-Appalaches<\/h2><button class=\"accordion\">Entrevues Radio<\/button> <div class=\"panel\"><button class='accordionelement'  onclick=' Amplitude.playSongAtIndex(0)'><span class='tooltiptext'>Fermeture d\u2019une RAC en Chaudi\u00e8re-Appalaches. Campagne \u201cEngagez-vous pour le communautaire\u201d pour faire conna\u00eetre les besoins criants des organismes communautaires. Que faire lorsque l\u2019on re\u00e7oit une d\u00e9cision d\u00e9favorable ?<\/span>Entrevue de Fran\u00e7ois \u00e0 Passion-FM du 24 f\u00e9vrier 2022<\/button>\n<button class='accordionelement'  onclick=' Amplitude.playSongAtIndex(1)'><span class='tooltiptext'>Vigilance par rapport aux droits des personnes vivant en ressources d\u2019h\u00e9bergement, que faire pour prot\u00e9ger vs proches. Enjeux de la vaccination obligatoire sur le ralentissement des services dans le r\u00e9seau de la sant\u00e9. Invitation \u00e0 une conf\u00e9rence sur la maltraitance.<\/span>Entrevue de Fran\u00e7ois \u00e0 Passion-FM du 28 octobre 2021<\/button>\n<button class='accordionelement'  onclick=' Amplitude.playSongAtIndex(2)'><span class='tooltiptext'>Suivi suite \u00e0 la situation du Covid-19 et effet sur la sant\u00e9 mentale et la d\u00e9tresse. Application Droits et Ressources Sant\u00e9 Mentale, balados et \u00e9l\u00e9ments d\u2019informations sur les droits en sant\u00e9 mentale. Vagues de d\u00e9c\u00e8s dans les CHSLD et enqu\u00eate publique. Assembl\u00e9e g\u00e9n\u00e9rale de L\u2019A-Droit, report \u00e0 l\u2019automne.<\/span>Entrevue de Fran\u00e7ois \u00e0 Passion-FM du 22 avril 2021<\/button>\n<button class='accordionelement'  onclick=' Amplitude.playSongAtIndex(3)'><span class='tooltiptext'>Suivi suite \u00e0 la pand\u00e9mie et augmentation des demandes d\u2019aide. Cr\u00e9ation d\u2019un comit\u00e9 et ateliers d\u2019information sur les droits en lien avec le Covid-19. Remboursement des frais de transport des personnes en situation de pauvret\u00e9 pour la vaccination. La fracture num\u00e9rique en Chaudi\u00e8re-Appalaches. Le maintien du filet social en lien avec la pand\u00e9mie.<\/span>Entrevue de Fran\u00e7ois \u00e0 Passion-FM du 25 mars 2021<\/button>\n<button class='accordionelement'  onclick=' Amplitude.playSongAtIndex(4)'><span class='tooltiptext'>Couvre-feu et itin\u00e9rance. La fracture num\u00e9rique et comment nous pouvons vous aider. L\u2019atelier sur vos droits en temps de pand\u00e9mie.<\/span>Entrevue de Fran\u00e7ois \u00e0 Passion-FM du 28 janvier 2021<\/button>\n<button class='accordionelement'  onclick=' Amplitude.playSongAtIndex(5)'><span class='tooltiptext'>No\u00ebl en confinement. Soyons solidaires et entrons en contact avec des amis dans le besoin. D\u00e9but de la vaccination au Qu\u00e9bec. Quels seront les impacts apr\u00e8s pand\u00e9mie pour les droits des personnes ? L\u2019A-Droit donne un atelier sur le sujet chaque mois. La fracture num\u00e9rique et comment L\u2019A-Droit peut vous aider. Nouveau comit\u00e9 covid-19 \u00e0 \u2026 <a href=\"https:\/\/ladroit.org\/podcast\/2021\/02\/01\/entrevue-de-francois-a-passion-fm-du-24-decembre-2020\/\" class=\"more-link\">Continuer la lecture<span class=\"screen-reader-text\"> de \u00ab\u00a0Entrevue de Fran\u00e7ois \u00e0 Passion-FM du 24 d\u00e9cembre 2020\u00a0\u00bb<\/span><\/a><\/span>Entrevue de Fran\u00e7ois \u00e0 Passion-FM du 24 d\u00e9cembre 2020<\/button>\n<button class='accordionelement'  onclick=' Amplitude.playSongAtIndex(6)'><span class='tooltiptext'>D\u00e9lestage : l\u2019h\u00f4pital de jour a \u00e9t\u00e9 r\u00e9-ouvert, importance d\u2019une continuit\u00e9 des services en sant\u00e9 mentale lors de la pand\u00e9mie. La fracture num\u00e9rique avec les personnes moins nanties ou peu informatis\u00e9es. Est-ce que l\u2019\u00e9tat entend r\u00e9gler la situation ? Stigmatisation des personnes vivant un probl\u00e8me de sant\u00e9 mentale suite \u00e0 des actes de violence, mettre \u2026 <a href=\"https:\/\/ladroit.org\/podcast\/2021\/02\/01\/entrevue-de-francois-a-passion-fm-du-26-novembre-2020\/\" class=\"more-link\">Continuer la lecture<span class=\"screen-reader-text\"> de \u00ab\u00a0Entrevue de Fran\u00e7ois \u00e0 Passion-FM du 26 novembre 2020\u00a0\u00bb<\/span><\/a><\/span>Entrevue de Fran\u00e7ois \u00e0 Passion-FM du 26 novembre 2020<\/button>\n<button class='accordionelement'  onclick=' Amplitude.playSongAtIndex(7)'><span class='tooltiptext'>Le d\u00e9lestage du personnel du syst\u00e8me de sant\u00e9 et les cons\u00e9quences sur la sant\u00e9 mentale des personnes et les services. Arriv\u00e9 du fond d\u2019urgence dans les organismes communautaires. Report des assembl\u00e9es g\u00e9n\u00e9rales les organismes communautaires. Lancement de l\u2019\u00e9tude de L\u2019A-Droit sur les autorisations judiciaires de soins et fait saillants. T\u00e9moignage de Michel Latulippe sur son \u2026 <a href=\"https:\/\/ladroit.org\/podcast\/2021\/02\/01\/entrevue-de-francois-a-passion-fm-du-22-octobre-2020\/\" class=\"more-link\">Continuer la lecture<span class=\"screen-reader-text\"> de \u00ab\u00a0Entrevue de Fran\u00e7ois \u00e0 Passion-FM du 22 octobre 2020\u00a0\u00bb<\/span><\/a><\/span>Entrevue de Fran\u00e7ois \u00e0 Passion-FM du 22 octobre 2020<\/button>\n<button class='accordionelement'  onclick=' Amplitude.playSongAtIndex(8)'><span class='tooltiptext'>Hausse de la d\u00e9tresse marqu\u00e9e suite \u00e0 la pand\u00e9mie, privation des droits des personnes en ressources interm\u00e9diaires(droit de sortir de la ressource). Demande de commission parlementaire sur la sant\u00e9 mentale et l\u2019acc\u00e8s aux soins. Lancement de l\u2019\u00e9tude sur les autorisations judiciaires de soins.<\/span>Entrevue de Fran\u00e7ois \u00e0 Passion-FM du 24 septembre 2020<\/button>\n<button class='accordionelement'  onclick=' Amplitude.playSongAtIndex(9)'><span class='tooltiptext'>Suivi suite \u00e0 la pand\u00e9mie, les bons coups et les mauvais coups du gouvernement. L\u2019impact sur les personnes vivant des probl\u00e8mes de sant\u00e9 mentale ou en situation de pauvret\u00e9.<\/span>Entrevue de Fran\u00e7ois \u00e0 Passion-FM du 25 juin 2020<\/button>\n<button class='accordionelement'  onclick=' Amplitude.playSongAtIndex(10)'><span class='tooltiptext'>Situation suite \u00e0 l\u2019\u00e9volution du Covid-19, y a-t-il un changement quant au respect des droits des personnes hospitalis\u00e9es ou en ressources interm\u00e9diaires ou de type familiales. L\u2019acc\u00e8s aux services en sant\u00e9 mentale est-il le m\u00eame ? Journ\u00e9e non aux mesures de contr\u00f4le. Les \u00e9lectrochocs, \u00e7a existe encore, deux fois plus que l\u2019ann\u00e9e pr\u00e9c\u00e9dente en Chaudi\u00e8re-Appalaches.<\/span>Entrevue de Fran\u00e7ois \u00e0 Passion-FM du 28 mai 2020<\/button>\n<button class='accordionelement'  onclick=' Amplitude.playSongAtIndex(11)'><span class='tooltiptext'>P\u00e9tition pour l\u2019allocation aux d\u00e9penses personnelles pour les personnes en Ressources Interm\u00e9diaires et Ressources de type familiale. Situation regrettable un homme abattu par les policiers, utilises-ton correctement les services de crise ? L\u2019aide m\u00e9dicale \u00e0 mourir et sant\u00e9 mentale. Discrimination sant\u00e9 mentale et assurances.<\/span>Entrevue de Fran\u00e7ois \u00e0 Passion-FM du 27 f\u00e9vrier 2020<\/button>\n<button class='accordionelement'  onclick=' Amplitude.playSongAtIndex(12)'><span class='tooltiptext'>Changements dus au COVID-19, les services de L\u2019A-Droit sont maintenant par t\u00e9l\u00e9phone, perte d\u2019emploi et ressources ou programmes gouvernementaux disponibles, les prix Orange et Citron.<\/span>Entrevue de Fran\u00e7ois \u00e0 Passion-FM du 26 mars 2020<\/button>\n<button class='accordionelement'  onclick=' Amplitude.playSongAtIndex(13)'><span class='tooltiptext'>L\u2019acc\u00e8s \u00e0 la justice en temps de confinement, questionnement sur les mesures de sant\u00e9 en lien avec le COVID-19 : CHSLD, psychiatrie, prison,\u2026<\/span>Entrevue de Fran\u00e7ois \u00e0 Passion-FM du 23 avril 2020<\/button>\n<button class='accordionelement'  onclick=' Amplitude.playSongAtIndex(14)'><span class='tooltiptext'>Entrevue donn\u00e9e par Fran\u00e7ois Winter, directeur g\u00e9n\u00e9ral de L\u2019A-DROIT le 28 janvier 2020 au Canal M vues et voix, concernant la p\u00e9tition pour le rehaussement de l\u2019allocation de d\u00e9penses personnelles des personnes h\u00e9berg\u00e9es en ressources interm\u00e9diaires.<\/span>Entrevue de Fran\u00e7ois sur la p\u00e9tition pour le rehaussement de l\u2019allocation de d\u00e9penses personnelles des personnes h\u00e9berg\u00e9es en ressources interm\u00e9diaires<\/button>\n<button class='accordionelement'  onclick=' Amplitude.playSongAtIndex(15)'><span class='tooltiptext'>L\u2019acc\u00e8s aux services en sant\u00e9 mentale, le plan d\u2019action en sant\u00e9 mentale et ses suites, les prochaines activit\u00e9s de L\u2019A-Droit et comment devenir membre.<\/span>Entrevue de Fran\u00e7ois \u00e0 Passion-FM du 10 janvier 2019<\/button>\n<button class='accordionelement'  onclick=' Amplitude.playSongAtIndex(16)'><span class='tooltiptext'>Dernier budget provincial, les alternatives aux mesures de contr\u00f4le, l\u2019augmentation des prestations d\u2019aide sociale, les personnes en ressource interm\u00e9diaires n\u2019y ont pas droit, le prix Orange et Citron de L\u2019AGIDD.<\/span>Entrevue de Fran\u00e7ois \u00e0 Passion-FM du 8 avril 2019<\/button>\n<button class='accordionelement'  onclick=' Amplitude.playSongAtIndex(17)'><span class='tooltiptext'>Le droit \u00e0 l\u2019accompagnement et l\u2019appropriation du pouvoir, le registre des armes \u00e0 feu et les prochaines activit\u00e9s de L\u2019A-Droit.<\/span>Entrevue de Fran\u00e7ois \u00e0 Passion-FM du 21 f\u00e9vrier 2019<\/button>\n<button class='accordionelement'  onclick=' Amplitude.playSongAtIndex(18)'><span class='tooltiptext'>Les \u00e9lections et la sant\u00e9 mentale, la nomination de L\u2019A-Droit au gala d\u2019excellence en sant\u00e9 mentale du CISSS pour nos ateliers d\u2019informations sur les droits en psychiatrie, le PAGAC Plan d\u2019action gouvernemental en mati\u00e8re d\u2019action communautaire.<\/span>Entrevue de Fran\u00e7ois \u00e0 Passion-FM du 24 octobre 2019<\/button>\n<button class='accordionelement'  onclick=' Amplitude.playSongAtIndex(19)'><span class='tooltiptext'>L\u2019A-Droit est en nomination au gala du CISSS, in\u00e9galit\u00e9s pour les personnes en ressources d\u2019h\u00e9bergement, fermeture du d\u00e9partement de Thetford Mines.<\/span>Entrevue de Fran\u00e7ois \u00e0 Passion-FM du 28 novembre 2019<\/button>\n<button class='accordionelement'  onclick=' Amplitude.playSongAtIndex(20)'><span class='tooltiptext'>La nouvelle ann\u00e9e : la fin du plan d\u2019action 2015-2020, les nouveaux services, les perspectives pour 2020<\/span>Entrevue de Fran\u00e7ois \u00e0 Passion-FM du 23 janvier 2020<\/button>\n<\/div><button class=\"accordion\">Information sur les droits<\/button> <div class=\"panel\"><button class='accordionelement'  onclick=' Amplitude.playSongAtIndex(21)'><span class='tooltiptext'>Cons\u00e9quences du d\u00e9c\u00e8s en termes juridiques. Crit\u00e8res d\u2019indignit\u00e9 \u00e0 la succession. Patrimoine li\u00e9 \u00e0 la succession.<\/span>Les droits ge\u0301ne\u0301raux en matie\u0300re de testament et succession<\/button>\n<button class='accordionelement'  onclick=' Amplitude.playSongAtIndex(22)'><span class='tooltiptext'>Proc\u00e9dure avant l\u2019audience, audience publique ou en huis-clos, comment se d\u00e9roule une audience.<\/span>Le de\u0301roulement d\u2019une audience en matie\u0300re civile<\/button>\n<button class='accordionelement'  onclick=' Amplitude.playSongAtIndex(23)'><span class='tooltiptext'>Comp\u00e9tence des tribunaux et comment choisir un tribunal.<\/span>La justice administrative, les diffe\u0301rents tribunaux et leur fonctionnement<\/button>\n<button class='accordionelement'  onclick=' Amplitude.playSongAtIndex(24)'><span class='tooltiptext'>Les obligations\/droits des parents. Que se passe-t-il lors d\u2019un divorce.<\/span>L\u2019autorit\u00e9 parentale<\/button>\n<button class='accordionelement'  onclick=' Amplitude.playSongAtIndex(25)'><span class='tooltiptext'>Quel est le r\u00f4le du protecteur du citoyen et ses pouvoirs.<\/span>La protection du citoyen, pouvoirs et recours<\/button>\n<button class='accordionelement'  onclick=' Amplitude.playSongAtIndex(26)'><span class='tooltiptext'>Quels sont vos droits en tant que locataire.<\/span>Principaux droits li\u00e9s au logement<\/button>\n<button class='accordionelement'  onclick=' Amplitude.playSongAtIndex(27)'><span class='tooltiptext'>Lorsqu\u2019une personne n\u2019est pas apte \u00e0 prendre des d\u00e9cisions, elle est plac\u00e9e en r\u00e9gime de protection. Voici les changements qui ont eu lieu en 2020. \u00c9coutez ce balado pour plus de d\u00e9tails.<\/span>Principaux changements adopt\u00e9s en 2020 r\u00e9gime de protection<\/button>\n<button class='accordionelement'  onclick=' Amplitude.playSongAtIndex(28)'><span class='tooltiptext'>What service can you have in english and where. Quels service pouvez-vous recevoir en anglais et o\u00f9.<\/span>Right to receive service in english\/Droit de recevoir des services en anglais<\/button>\n<button class='accordionelement'  onclick=' Amplitude.playSongAtIndex(29)'><span class='tooltiptext'>Quelle est la d\u00e9finition d\u2019une personne vuln\u00e9rable et quels sont les recours en cas d\u2019abus. Texte complet : https:\/\/ladroit.org\/podcast\/textes-de-nos-etudiants-en-droit\/<\/span>La protection des personnes vuln\u00e9rables<\/button>\n<button class='accordionelement'  onclick=' Amplitude.playSongAtIndex(30)'><span class='tooltiptext'>Comment et pourquoi une personne peut-elle \u00eatre reconnue non-criminellement responsable ? Texte complet : https:\/\/ladroit.org\/podcast\/textes-de-nos-etudiants-en-droit\/<\/span>La non-responsabilit\u00e9 criminelle<\/button>\n<button class='accordionelement'  onclick=' Amplitude.playSongAtIndex(31)'><span class='tooltiptext'>Du 19\u00e8me si\u00e8cle \u00e0 maintenant, qu\u2019est-ce qui a chang\u00e9 ?<\/span>L\u2019\u00e9volution des droits en sant\u00e9 mentale<\/button>\n<button class='accordionelement'  onclick=' Amplitude.playSongAtIndex(32)'><span class='tooltiptext'>Avez-vous l\u2019obligation d\u2019avoir le professionnel qui vous a \u00e9t\u00e9 attitr\u00e9 ? Pouvez-vous changer ?<\/span>Droit au professionnel de son choix<\/button>\n<button class='accordionelement'  onclick=' Amplitude.playSongAtIndex(33)'><span class='tooltiptext'>Quelles informations doivent \u00eatre donn\u00e9es aux personnes utilisatrices de services par le m\u00e9decin ? Comment ces informations doivent-elles \u00eatre transmises ? Dans quels cas le m\u00e9decin peut-il cacher certaines informations aux usagers ? Texte original : https:\/\/ladroit.org\/podcast\/textes-de-nos-etudiants-en-droit\/<\/span>Droit \u00e0 l\u2019information<\/button>\n<button class='accordionelement'  onclick=' Amplitude.playSongAtIndex(34)'><span class='tooltiptext'>Pouvez-vous \u00eatre accompagn\u00e9 par la personne de votre choix lors d\u2019une visite chez le m\u00e9decin ? Texte : https:\/\/ladroit.org\/podcast\/textes-de-nos-etudiants-en-droit\/<\/span>Droit \u00e0 l\u2019accompagnement<\/button>\n<button class='accordionelement'  onclick=' Amplitude.playSongAtIndex(35)'><span class='tooltiptext'>Selon quelles modalit\u00e9s pouvez vous avoir acc\u00e8s \u00e0 votre propre dossier m\u00e9dical ? Notre \u00e9tudiant en droit vous \u00e9clairera. Textes originaux : https:\/\/ladroit.org\/podcast\/textes-de-nos-etudiants-en-droit\/<\/span>Droit \u00e0 l\u2019acc\u00e8s de votre dossier m\u00e9dical<\/button>\n<button class='accordionelement'  onclick=' Amplitude.playSongAtIndex(36)'><span class='tooltiptext'>\u00c0 quoi pouvez-vous dire oui ou non ? Est-il possible de retirer son consentement une fois que vous l\u2019avez donn\u00e9 ? Texte original : https:\/\/ladroit.org\/podcast\/textes-de-nos-etudiants-en-droit\/<\/span>Consentement libre et \u00e9clair\u00e9<\/button>\n<button class='accordionelement'  onclick=' Amplitude.playSongAtIndex(37)'><span class='tooltiptext'>Un professionnel peut-il transf\u00e9rer vos informations \u00e0 quelqu\u2019un d\u2019autre sans votre consentement ? \u00c9coutez ce balado pour obtenir la r\u00e9ponse.<\/span>Le droit \u00e0 la confidentialit\u00e9<\/button>\n<\/div><button class=\"accordion\">L'\u00e9quipe de L'A-Droit<\/button> <div class=\"panel\"><button class='accordionelement'  onclick=' Amplitude.playSongAtIndex(38)'><span class='tooltiptext'>Pourquoi la personne a int\u00e9r\u00eat \u00e0 aller chercher de l\u2019aide dans sa d\u00e9marche tout en \u00e9tant dans un processus d\u2019appropriation du pouvoir.<\/span>Fran\u00e7ois, une personne devrait-elle se repr\u00e9senter seule ?<\/button>\n<button class='accordionelement'  onclick=' Amplitude.playSongAtIndex(39)'><span class='tooltiptext'>Quels ont \u00e9t\u00e9 les bons coups de L\u2019A-Droit ? Comment L\u2019A-Droit se maintient-il en sant\u00e9 ?<\/span>Fran\u00e7ois, les bons coups<\/button>\n<button class='accordionelement'  onclick=' Amplitude.playSongAtIndex(40)'><span class='tooltiptext'>Quels sont les changements au niveau du respect des droits des personnes depuis dix ans ? L\u2019avis du directeur de L\u2019A-Droit.<\/span>Fran\u00e7ois, les changements<\/button>\n<button class='accordionelement'  onclick=' Amplitude.playSongAtIndex(41)'><span class='tooltiptext'>Curieux de voir quelles sont les responsabilit\u00e9s de Fran\u00e7ois ?<\/span>Fran\u00e7ois : ses t\u00e2ches<\/button>\n<button class='accordionelement'  onclick=' Amplitude.playSongAtIndex(42)'><span class='tooltiptext'>D\u00e9couvrez le directeur de L\u2019A-Droit.<\/span>Fran\u00e7ois, introduction<\/button>\n<button class='accordionelement'  onclick=' Amplitude.playSongAtIndex(43)'><span class='tooltiptext'>Les changements qui sont survenus dans notre soci\u00e9t\u00e9 selon Ren\u00e9e.<\/span>Ren\u00e9e, les changements<\/button>\n<button class='accordionelement'  onclick=' Amplitude.playSongAtIndex(44)'><span class='tooltiptext'>\u00c9coutez pourquoi Ren\u00e9e se l\u00e8ve le matin et ce qui la motive.<\/span>Ren\u00e9e, ce qui la satisfait<\/button>\n<button class='accordionelement'  onclick=' Amplitude.playSongAtIndex(45)'><span class='tooltiptext'>Les t\u00e2ches de Ren\u00e9e \u00e0 L\u2019A-Droit et comment elle peut vous aider.<\/span>Ren\u00e9e : Ses t\u00e2ches<\/button>\n<button class='accordionelement'  onclick=' Amplitude.playSongAtIndex(46)'><span class='tooltiptext'>Voici Ren\u00e9e, conseill\u00e8re \u00e0 L\u2019A-Droit<\/span>Ren\u00e9e, Introduction<\/button>\n<button class='accordionelement'  onclick=' Amplitude.playSongAtIndex(47)'><span class='tooltiptext'>L\u2019aide et l\u2019accompagnement, l\u2019appropriation du pouvoir, l\u2019aspect syst\u00e9mique, la vision critique et l\u2019atmosph\u00e8re de travail.<\/span>T\u00e2ches d\u2019Isabelle \u00e0 L\u2019A-Droit<\/button>\n<button class='accordionelement'  onclick=' Amplitude.playSongAtIndex(48)'><span class='tooltiptext'>Le cheminement des personnes \u00e0 travers leurs d\u00e9marches, les bons coups et les am\u00e9liorations.<\/span>Ce qui apporte le plus de satisfaction \u00e0 Isabelle et les bons coups<\/button>\n<button class='accordionelement'  onclick=' Amplitude.playSongAtIndex(49)'><span class='tooltiptext'>T\u00e2ches de Marianne \u00e0 L\u2019A-Droit et ce qu\u2019elle appr\u00e9cie le plus dans son travail.<\/span>T\u00e2ches de Marianne \u00e0 L\u2019A-Droit<\/button>\n<button class='accordionelement'  onclick=' Amplitude.playSongAtIndex(50)'><span class='tooltiptext'>Les circonstances et les causes qui ont amen\u00e9es Isabelle et Marianne \u00e0 travailler \u00e0 L\u2019A-Droit.<\/span>Ce qui a amen\u00e9 nos employ\u00e9es \u00e0 travailler \u00e0 L\u2019A-Droit<\/button>\n<\/div><button class=\"accordion\">La Fondation<\/button> <div class=\"panel\"><button class='accordionelement'  onclick=' Amplitude.playSongAtIndex(51)'><span class='tooltiptext'>D\u00e9roulement de la premi\u00e8re ann\u00e9e, anecdotes des premi\u00e8re rencontre du d\u00e9but au local sur rue St-Louis et d\u00e9m\u00e9nagement sur la rue St-Georges.<\/span>La fondation de L\u2019A-Droit \u00e9pisode 4<\/button>\n<button class='accordionelement'  onclick=' Amplitude.playSongAtIndex(52)'><span class='tooltiptext'>L\u2019Assembl\u00e9e g\u00e9n\u00e9rale de fondation, son d\u00e9roulement et ses r\u00e9sultats.<\/span>La fondation de L\u2019A-Droit \u00e9pisode 3<\/button>\n<button class='accordionelement'  onclick=' Amplitude.playSongAtIndex(53)'><span class='tooltiptext'>Comment se d\u00e9roulaient les r\u00e9unions au d\u00e9part, constitution du conseil d\u2019administration provisoire et tourn\u00e9e de promotion.<\/span>La fondation de L\u2019A-Droit \u00e9pisode 2<\/button>\n<button class='accordionelement'  onclick=' Amplitude.playSongAtIndex(54)'><span class='tooltiptext'>Historique de L\u2019A-Droit et premi\u00e8re implication des membres fondateurs au conseil d\u2019administration.<\/span>La fondation de L\u2019A-Droit \u00e9pisode 1<\/button>\n<\/div><button class=\"accordion\">Les principes directeurs<\/button> <div class=\"panel\"><button class='accordionelement'  onclick=' Amplitude.playSongAtIndex(55)'><span class='tooltiptext'>Faire preuve d\u2019un pr\u00e9jug\u00e9 favorable envers les personnes ayant ou ayant eu un probl\u00e8me de sant\u00e9 mentale signifie que l\u2019on doit les soutenir dans l\u2019expression de leurs choix et respecter leurs valeurs, selon leurs propres lecture et interpr\u00e9tation de leur r\u00e9alit\u00e9.<\/span>Le pr\u00e9jug\u00e9 favorable<\/button>\n<button class='accordionelement'  onclick=' Amplitude.playSongAtIndex(56)'><span class='tooltiptext'>Les groupes r\u00e9gionaux respectent le rythme des personnes avec lesquelles ils interviennent et le contexte particulier \u00e0 l\u2019int\u00e9rieur duquel s\u2019inscrit leur cheminement.<\/span>La sp\u00e9cificit\u00e9 des personnes<\/button>\n<button class='accordionelement'  onclick=' Amplitude.playSongAtIndex(57)'><span class='tooltiptext'>Les groupes r\u00e9gionaux de promotion et de d\u00e9fense des droits en sant\u00e9 mentale favorisent l\u2019autonomie des personnes en encourageant le d\u00e9veloppement de leurs comp\u00e9tences et l\u2019utilisation de leur potentiel et de leurs capacit\u00e9s pour promouvoir et d\u00e9fendre leurs droits. De cette fa\u00e7on, les personnes vis\u00e9es sont amen\u00e9es \u00e0 assumer le r\u00f4le principal dans la d\u00e9marche \u2026 <a href=\"https:\/\/ladroit.org\/podcast\/2019\/01\/28\/lautonomie-des-personnes\/\" class=\"more-link\">Continuer la lecture<span class=\"screen-reader-text\"> de \u00ab\u00a0L\u2019autonomie des personnes\u00a0\u00bb<\/span><\/a><\/span>L\u2019autonomie des personnes<\/button>\n<\/div><button class=\"accordion\">Le r\u00f4le des groupes de d\u00e9fense de droits<\/button> <div class=\"panel\"><button class='accordionelement'  onclick=' Amplitude.playSongAtIndex(58)'><span class='tooltiptext'>Les groupes r\u00e9gionaux offrent un ensemble de sessions de formation afin de favoriser l\u2019exercice des droits des personnes ayant un probl\u00e8me de sant\u00e9 mentale.<\/span>La formation<\/button>\n<button class='accordionelement'  onclick=' Amplitude.playSongAtIndex(59)'><span class='tooltiptext'>L\u2019action syst\u00e9mique comprend l\u2019ensemble des actions men\u00e9es par le groupe afin de mettre en cause le bien-fond\u00e9 ou l\u2019application d\u2019un r\u00e8glement, d\u2019une pratique ou d\u2019une politique ayant cours dans un \u00e9tablissement public ou une corporation priv\u00e9e et ayant, sur le plan r\u00e9gional, une incidence n\u00e9faste sur le respect des droits des personnes. Ce type d\u2019intervention \u2026 <a href=\"https:\/\/ladroit.org\/podcast\/2019\/01\/28\/laction-systemique\/\" class=\"more-link\">Continuer la lecture<span class=\"screen-reader-text\"> de \u00ab\u00a0L\u2019action syst\u00e9mique\u00a0\u00bb<\/span><\/a><\/span>L\u2019action syst\u00e9mique<\/button>\n<button class='accordionelement'  onclick=' Amplitude.playSongAtIndex(60)'><span class='tooltiptext'>L\u2019action collective couvre l\u2019ensemble des actions men\u00e9es par le groupe avec et au b\u00e9n\u00e9fice d\u2019un groupe de personnes isol\u00e9es, mais dont les probl\u00e8mes s\u2019av\u00e8rent de m\u00eame nature.<\/span>L\u2019action collective<\/button>\n<button class='accordionelement'  onclick=' Amplitude.playSongAtIndex(61)'><span class='tooltiptext'>L\u2019intervention proactive comprend l\u2019ensemble des actions men\u00e9es par le groupe lorsqu\u2019il croit qu\u2019une ou des personnes, de mani\u00e8re permanente ou temporaire, \u00e9prouvent des difficult\u00e9s telles que, si leurs droits \u00e9taient l\u00e9s\u00e9s, elles ne seraient pas en mesure de solliciter une aide. Cependant, une telle intervention doit toujours respecter la volont\u00e9 des personnes qui peuvent en \u2026 <a href=\"https:\/\/ladroit.org\/podcast\/2019\/01\/28\/lintervention-proactive\/\" class=\"more-link\">Continuer la lecture<span class=\"screen-reader-text\"> de \u00ab\u00a0L\u2019intervention proactive\u00a0\u00bb<\/span><\/a><\/span>L\u2019intervention proactive<\/button>\n<button class='accordionelement'  onclick=' Amplitude.playSongAtIndex(62)'><span class='tooltiptext'>L\u2019accompagnement va plus loin que l\u2019aide, en ce sens que le groupe, quand cela est n\u00e9cessaire, a pour mandat d\u2019accompagner les personnes qui en ont besoin dans certaines de leurs d\u00e9marches, particuli\u00e8rement lorsque celles-ci doivent faire face \u00e0 des tiers dans l\u2019exercice de leurs droits.<\/span>L\u2019accompagnement<\/button>\n<button class='accordionelement'  onclick=' Amplitude.playSongAtIndex(63)'><span class='tooltiptext'>L\u2019aide offerte par les groupes de d\u00e9fense des droits en sant\u00e9 mentale consiste \u00e0 soutenir des personnes dans les d\u00e9marches qu\u2019elles entreprennent pour faire valoir leurs droits et avoir acc\u00e8s aux recours pr\u00e9vus.<\/span>L\u2019aide<\/button>\n<button class='accordionelement'  onclick=' Amplitude.playSongAtIndex(64)'><span class='tooltiptext'>L\u2019accueil offert par le groupe doit d\u00e9montrer que ses membres se pr\u00e9occupent d\u2019abord et avant tout des personnes auxquelles leur action est consacr\u00e9e. La prise de contact entre le groupe et une personne donn\u00e9e doit donc permettre \u00e0 celle-ci de d\u00e9finir et de pr\u00e9ciser ses besoins. Une information aussi compl\u00e8te que possible sur les droits \u2026 <a href=\"https:\/\/ladroit.org\/podcast\/2019\/01\/28\/la-prise-de-contact\/\" class=\"more-link\">Continuer la lecture<span class=\"screen-reader-text\"> de \u00ab\u00a0La prise de contact\u00a0\u00bb<\/span><\/a><\/span>La prise de contact<\/button>\n<\/div><Script>Amplitude.init({\n      'bindings': {\n        37: 'prev',\n        39: 'next',\n        32: 'play_pause'\n      }, 'songs': [{\"url\":\"https:\\\/\\\/media.blubrry.com\\\/podcast_de_la_droit_de\\\/ladroit.org\\\/podcast\\\/wp-content\\\/uploads\\\/2022\\\/03\\\/entrevuefevrier2022.mp3\",\"name\":\"Entrevue de Fran\\u00e7ois \\u00e0 Passion-FM du 24 f\\u00e9vrier 2022\",\"artist\":\"Podcast de L'A-Droit de Chaudi\\u00e8re-Appalaches\"},{\"url\":\"https:\\\/\\\/media.blubrry.com\\\/podcast_de_la_droit_de\\\/ladroit.org\\\/podcast\\\/wp-content\\\/uploads\\\/2021\\\/11\\\/entrevue28oct2021.mp3\",\"name\":\"Entrevue de Fran\\u00e7ois \\u00e0 Passion-FM du 28 octobre 2021\",\"artist\":\"Podcast de L'A-Droit de Chaudi\\u00e8re-Appalaches\"},{\"url\":\"https:\\\/\\\/media.blubrry.com\\\/podcast_de_la_droit_de\\\/ladroit.org\\\/balados\\\/passionfm22avril2021.mp3\",\"name\":\"Entrevue de Fran\\u00e7ois \\u00e0 Passion-FM du 22 avril 2021\",\"artist\":\"Podcast de L'A-Droit de Chaudi\\u00e8re-Appalaches\"},{\"url\":\"https:\\\/\\\/media.blubrry.com\\\/podcast_de_la_droit_de\\\/ladroit.org\\\/balados\\\/passionfm25Mars2021.mp3\",\"name\":\"Entrevue de Fran\\u00e7ois \\u00e0 Passion-FM du 25 mars 2021\",\"artist\":\"Podcast de L'A-Droit de Chaudi\\u00e8re-Appalaches\"},{\"url\":\"https:\\\/\\\/media.blubrry.com\\\/podcast_de_la_droit_de\\\/ladroit.org\\\/podcast\\\/wp-content\\\/uploads\\\/2021\\\/02\\\/passionfm28janvier2021.mp3\",\"name\":\"Entrevue de Fran\\u00e7ois \\u00e0 Passion-FM du 28 janvier 2021\",\"artist\":\"Podcast de L'A-Droit de Chaudi\\u00e8re-Appalaches\"},{\"url\":\"https:\\\/\\\/media.blubrry.com\\\/podcast_de_la_droit_de\\\/ladroit.org\\\/podcast\\\/wp-content\\\/uploads\\\/2021\\\/02\\\/passionfm24dec2020.mp3\",\"name\":\"Entrevue de Fran\\u00e7ois \\u00e0 Passion-FM du 24 d\\u00e9cembre 2020\",\"artist\":\"Podcast de L'A-Droit de Chaudi\\u00e8re-Appalaches\"},{\"url\":\"https:\\\/\\\/media.blubrry.com\\\/podcast_de_la_droit_de\\\/ladroit.org\\\/podcast\\\/wp-content\\\/uploads\\\/2021\\\/02\\\/passionfm26nov2020.mp3\",\"name\":\"Entrevue de Fran\\u00e7ois \\u00e0 Passion-FM du 26 novembre 2020\",\"artist\":\"Podcast de L'A-Droit de Chaudi\\u00e8re-Appalaches\"},{\"url\":\"https:\\\/\\\/media.blubrry.com\\\/podcast_de_la_droit_de\\\/ladroit.org\\\/podcast\\\/wp-content\\\/uploads\\\/2021\\\/02\\\/passionfm22octobre2020.mp3\",\"name\":\"Entrevue de Fran\\u00e7ois \\u00e0 Passion-FM du 22 octobre 2020\",\"artist\":\"Podcast de L'A-Droit de Chaudi\\u00e8re-Appalaches\"},{\"url\":\"https:\\\/\\\/media.blubrry.com\\\/podcast_de_la_droit_de\\\/ladroit.org\\\/podcast\\\/wp-content\\\/uploads\\\/2021\\\/02\\\/passionfm24sept2020.mp3\",\"name\":\"Entrevue de Fran\\u00e7ois \\u00e0 Passion-FM du 24 septembre 2020\",\"artist\":\"Podcast de L'A-Droit de Chaudi\\u00e8re-Appalaches\"},{\"url\":\"https:\\\/\\\/media.blubrry.com\\\/podcast_de_la_droit_de\\\/ladroit.org\\\/podcast\\\/wp-content\\\/uploads\\\/2021\\\/02\\\/passionfm25juin2020.mp3\",\"name\":\"Entrevue de Fran\\u00e7ois \\u00e0 Passion-FM du 25 juin 2020\",\"artist\":\"Podcast de L'A-Droit de Chaudi\\u00e8re-Appalaches\"},{\"url\":\"https:\\\/\\\/media.blubrry.com\\\/podcast_de_la_droit_de\\\/ladroit.org\\\/podcast\\\/wp-content\\\/uploads\\\/2020\\\/06\\\/passionfm28mai2020.mp3\",\"name\":\"Entrevue de Fran\\u00e7ois \\u00e0 Passion-FM du 28 mai 2020\",\"artist\":\"Podcast de L'A-Droit de Chaudi\\u00e8re-Appalaches\"},{\"url\":\"https:\\\/\\\/media.blubrry.com\\\/podcast_de_la_droit_de\\\/ladroit.org\\\/podcast\\\/wp-content\\\/uploads\\\/2020\\\/05\\\/27-fevrier-passionfm.mp3\",\"name\":\"Entrevue de Fran\\u00e7ois \\u00e0 Passion-FM du 27 f\\u00e9vrier 2020\",\"artist\":\"Podcast de L'A-Droit de Chaudi\\u00e8re-Appalaches\"},{\"url\":\"https:\\\/\\\/media.blubrry.com\\\/podcast_de_la_droit_de\\\/ladroit.org\\\/podcast\\\/wp-content\\\/uploads\\\/2020\\\/05\\\/26-mars-2020-passionfm.mp3\",\"name\":\"Entrevue de Fran\\u00e7ois \\u00e0 Passion-FM du 26 mars 2020\",\"artist\":\"Podcast de L'A-Droit de Chaudi\\u00e8re-Appalaches\"},{\"url\":\"https:\\\/\\\/media.blubrry.com\\\/podcast_de_la_droit_de\\\/ladroit.org\\\/podcast\\\/wp-content\\\/uploads\\\/2020\\\/05\\\/23-avril-2020-passionfm.mp3\",\"name\":\"Entrevue de Fran\\u00e7ois \\u00e0 Passion-FM du 23 avril 2020\",\"artist\":\"Podcast de L'A-Droit de Chaudi\\u00e8re-Appalaches\"},{\"url\":\"https:\\\/\\\/media.blubrry.com\\\/podcast_de_la_droit_de\\\/ladroit.org\\\/podcast\\\/wp-content\\\/uploads\\\/2020\\\/01\\\/entrevuepetitionrirtf.mp4\",\"name\":\"Entrevue de Fran\\u00e7ois sur la p\\u00e9tition pour le rehaussement de l\\u2019allocation de d\\u00e9penses personnelles des personnes h\\u00e9berg\\u00e9es en ressources interm\\u00e9diaires\",\"artist\":\"Podcast de L'A-Droit de Chaudi\\u00e8re-Appalaches\"},{\"url\":\"https:\\\/\\\/media.blubrry.com\\\/podcast_de_la_droit_de\\\/ladroit.org\\\/podcast\\\/wp-content\\\/uploads\\\/2020\\\/01\\\/Passion-fm10janvier2019.mp3\",\"name\":\"Entrevue de Fran\\u00e7ois \\u00e0 Passion-FM du 10 janvier 2019\",\"artist\":\"Podcast de L'A-Droit de Chaudi\\u00e8re-Appalaches\"},{\"url\":\"https:\\\/\\\/media.blubrry.com\\\/podcast_de_la_droit_de\\\/ladroit.org\\\/podcast\\\/wp-content\\\/uploads\\\/2020\\\/01\\\/Passion-fm8avril2019.mp3\",\"name\":\"Entrevue de Fran\\u00e7ois \\u00e0 Passion-FM du 8 avril 2019\",\"artist\":\"Podcast de L'A-Droit de Chaudi\\u00e8re-Appalaches\"},{\"url\":\"https:\\\/\\\/media.blubrry.com\\\/podcast_de_la_droit_de\\\/ladroit.org\\\/podcast\\\/wp-content\\\/uploads\\\/2020\\\/01\\\/Passion-fm21fevrier2019.mp3\",\"name\":\"Entrevue de Fran\\u00e7ois \\u00e0 Passion-FM du 21 f\\u00e9vrier 2019\",\"artist\":\"Podcast de L'A-Droit de Chaudi\\u00e8re-Appalaches\"},{\"url\":\"https:\\\/\\\/media.blubrry.com\\\/podcast_de_la_droit_de\\\/ladroit.org\\\/podcast\\\/wp-content\\\/uploads\\\/2020\\\/01\\\/Passion-fm24octobre2019.mp3\",\"name\":\"Entrevue de Fran\\u00e7ois \\u00e0 Passion-FM du 24 octobre 2019\",\"artist\":\"Podcast de L'A-Droit de Chaudi\\u00e8re-Appalaches\"},{\"url\":\"https:\\\/\\\/media.blubrry.com\\\/podcast_de_la_droit_de\\\/ladroit.org\\\/podcast\\\/wp-content\\\/uploads\\\/2020\\\/01\\\/Passion-FM28nov2019.mp4\",\"name\":\"Entrevue de Fran\\u00e7ois \\u00e0 Passion-FM du 28 novembre 2019\",\"artist\":\"Podcast de L'A-Droit de Chaudi\\u00e8re-Appalaches\"},{\"url\":\"https:\\\/\\\/media.blubrry.com\\\/podcast_de_la_droit_de\\\/ladroit.org\\\/podcast\\\/wp-content\\\/uploads\\\/2020\\\/01\\\/Passion-fm23janvier2020.mp3\",\"name\":\"Entrevue de Fran\\u00e7ois \\u00e0 Passion-FM du 23 janvier 2020\",\"artist\":\"Podcast de L'A-Droit de Chaudi\\u00e8re-Appalaches\"},{\"url\":\"https:\\\/\\\/media.blubrry.com\\\/podcast_de_la_droit_de\\\/ladroit.org\\\/balados\\\/testamentetsuccession.m4a\",\"name\":\"Les droits ge\\u0301ne\\u0301raux en matie\\u0300re de testament et succession\",\"artist\":\"Podcast de L'A-Droit de Chaudi\\u00e8re-Appalaches\"},{\"url\":\"https:\\\/\\\/media.blubrry.com\\\/podcast_de_la_droit_de\\\/ladroit.org\\\/balados\\\/audienceenmatierecivile.m4a\",\"name\":\"Le de\\u0301roulement d\\u2019une audience en matie\\u0300re civile\",\"artist\":\"Podcast de L'A-Droit de Chaudi\\u00e8re-Appalaches\"},{\"url\":\"https:\\\/\\\/media.blubrry.com\\\/podcast_de_la_droit_de\\\/ladroit.org\\\/balados\\\/Lajusticeadministrative.m4a\",\"name\":\"La justice administrative, les diffe\\u0301rents tribunaux et leur fonctionnement\",\"artist\":\"Podcast de L'A-Droit de Chaudi\\u00e8re-Appalaches\"},{\"url\":\"https:\\\/\\\/media.blubrry.com\\\/podcast_de_la_droit_de\\\/ladroit.org\\\/podcast\\\/wp-content\\\/uploads\\\/2021\\\/05\\\/Lautorite-parentale.m4a\",\"name\":\"L\\u2019autorit\\u00e9 parentale\",\"artist\":\"Podcast de L'A-Droit de Chaudi\\u00e8re-Appalaches\"},{\"url\":\"https:\\\/\\\/media.blubrry.com\\\/podcast_de_la_droit_de\\\/ladroit.org\\\/podcast\\\/wp-content\\\/uploads\\\/2021\\\/05\\\/La-protection-du-citoyen-_-pouvoirs-et-recours.m4a\",\"name\":\"La protection du citoyen, pouvoirs et recours\",\"artist\":\"Podcast de L'A-Droit de Chaudi\\u00e8re-Appalaches\"},{\"url\":\"https:\\\/\\\/media.blubrry.com\\\/podcast_de_la_droit_de\\\/ladroit.org\\\/podcast\\\/wp-content\\\/uploads\\\/2021\\\/05\\\/Logements-_-principaux-droits-liees-au-logement.m4a\",\"name\":\"Principaux droits li\\u00e9s au logement\",\"artist\":\"Podcast de L'A-Droit de Chaudi\\u00e8re-Appalaches\"},{\"url\":\"https:\\\/\\\/media.blubrry.com\\\/podcast_de_la_droit_de\\\/ladroit.org\\\/podcast\\\/wp-content\\\/uploads\\\/2021\\\/02\\\/Principaux-changements-adoptes-en-2020-regime-de-protection.m4a\",\"name\":\"Principaux changements adopt\\u00e9s en 2020 r\\u00e9gime de protection\",\"artist\":\"Podcast de L'A-Droit de Chaudi\\u00e8re-Appalaches\"},{\"url\":\"https:\\\/\\\/media.blubrry.com\\\/podcast_de_la_droit_de\\\/ladroit.org\\\/podcast\\\/wp-content\\\/uploads\\\/2021\\\/02\\\/Droit-de-recevoir-des-services-en-anglais.m4a\",\"name\":\"Right to receive service in english\\\/Droit de recevoir des services en anglais\",\"artist\":\"Podcast de L'A-Droit de Chaudi\\u00e8re-Appalaches\"},{\"url\":\"https:\\\/\\\/media.blubrry.com\\\/podcast_de_la_droit_de\\\/ladroit.org\\\/podcast\\\/wp-content\\\/uploads\\\/2020\\\/06\\\/protectioncontreexploitation.mp3\",\"name\":\"La protection des personnes vuln\\u00e9rables\",\"artist\":\"Podcast de L'A-Droit de Chaudi\\u00e8re-Appalaches\"},{\"url\":\"https:\\\/\\\/media.blubrry.com\\\/podcast_de_la_droit_de\\\/ladroit.org\\\/podcast\\\/wp-content\\\/uploads\\\/2020\\\/06\\\/nonresponsabilitecriminelle.mp3\",\"name\":\"La non-responsabilit\\u00e9 criminelle\",\"artist\":\"Podcast de L'A-Droit de Chaudi\\u00e8re-Appalaches\"},{\"url\":\"https:\\\/\\\/media.blubrry.com\\\/podcast_de_la_droit_de\\\/ladroit.org\\\/podcast\\\/wp-content\\\/uploads\\\/2020\\\/06\\\/evolutiondesdroits.mp3\",\"name\":\"L\\u2019\\u00e9volution des droits en sant\\u00e9 mentale\",\"artist\":\"Podcast de L'A-Droit de Chaudi\\u00e8re-Appalaches\"},{\"url\":\"https:\\\/\\\/media.blubrry.com\\\/podcast_de_la_droit_de\\\/ladroit.org\\\/podcast\\\/wp-content\\\/uploads\\\/2020\\\/06\\\/droitauprofessionneldesonchoix.mp3\",\"name\":\"Droit au professionnel de son choix\",\"artist\":\"Podcast de L'A-Droit de Chaudi\\u00e8re-Appalaches\"},{\"url\":\"https:\\\/\\\/media.blubrry.com\\\/podcast_de_la_droit_de\\\/ladroit.org\\\/podcast\\\/wp-content\\\/uploads\\\/2020\\\/06\\\/droitalinformation.mp3\",\"name\":\"Droit \\u00e0 l\\u2019information\",\"artist\":\"Podcast de L'A-Droit de Chaudi\\u00e8re-Appalaches\"},{\"url\":\"https:\\\/\\\/media.blubrry.com\\\/podcast_de_la_droit_de\\\/ladroit.org\\\/podcast\\\/wp-content\\\/uploads\\\/2020\\\/06\\\/droitaccompagnement.mp3\",\"name\":\"Droit \\u00e0 l\\u2019accompagnement\",\"artist\":\"Podcast de L'A-Droit de Chaudi\\u00e8re-Appalaches\"},{\"url\":\"https:\\\/\\\/media.blubrry.com\\\/podcast_de_la_droit_de\\\/ladroit.org\\\/podcast\\\/wp-content\\\/uploads\\\/2020\\\/06\\\/droitaccesdossiermedical.mp3\",\"name\":\"Droit \\u00e0 l\\u2019acc\\u00e8s de votre dossier m\\u00e9dical\",\"artist\":\"Podcast de L'A-Droit de Chaudi\\u00e8re-Appalaches\"},{\"url\":\"https:\\\/\\\/media.blubrry.com\\\/podcast_de_la_droit_de\\\/ladroit.org\\\/podcast\\\/wp-content\\\/uploads\\\/2020\\\/06\\\/consentementlibre.mp3\",\"name\":\"Consentement libre et \\u00e9clair\\u00e9\",\"artist\":\"Podcast de L'A-Droit de Chaudi\\u00e8re-Appalaches\"},{\"url\":\"https:\\\/\\\/media.blubrry.com\\\/podcast_de_la_droit_de\\\/ladroit.org\\\/podcast\\\/wp-content\\\/uploads\\\/2020\\\/06\\\/confidentialite.mp3\",\"name\":\"Le droit \\u00e0 la confidentialit\\u00e9\",\"artist\":\"Podcast de L'A-Droit de Chaudi\\u00e8re-Appalaches\"},{\"url\":\"http:\\\/\\\/media.blubrry.com\\\/podcast_de_la_droit_de\\\/ladroit.org\\\/podcast\\\/wp-content\\\/uploads\\\/2019\\\/05\\\/05FrancoisEtrerepresente.mp4\",\"name\":\"Fran\\u00e7ois, une personne devrait-elle se repr\\u00e9senter seule ?\",\"artist\":\"Podcast de L'A-Droit de Chaudi\\u00e8re-Appalaches\"},{\"url\":\"http:\\\/\\\/media.blubrry.com\\\/podcast_de_la_droit_de\\\/ladroit.org\\\/podcast\\\/wp-content\\\/uploads\\\/2019\\\/05\\\/04FrancoisBonscoups.mp4\",\"name\":\"Fran\\u00e7ois, les bons coups\",\"artist\":\"Podcast de L'A-Droit de Chaudi\\u00e8re-Appalaches\"},{\"url\":\"http:\\\/\\\/media.blubrry.com\\\/podcast_de_la_droit_de\\\/ladroit.org\\\/podcast\\\/wp-content\\\/uploads\\\/2019\\\/05\\\/03FrancoisChangements.mp4\",\"name\":\"Fran\\u00e7ois, les changements\",\"artist\":\"Podcast de L'A-Droit de Chaudi\\u00e8re-Appalaches\"},{\"url\":\"http:\\\/\\\/media.blubrry.com\\\/podcast_de_la_droit_de\\\/ladroit.org\\\/podcast\\\/wp-content\\\/uploads\\\/2019\\\/05\\\/02FrancoisTaches.mp4\",\"name\":\"Fran\\u00e7ois : ses t\\u00e2ches\",\"artist\":\"Podcast de L'A-Droit de Chaudi\\u00e8re-Appalaches\"},{\"url\":\"http:\\\/\\\/media.blubrry.com\\\/podcast_de_la_droit_de\\\/ladroit.org\\\/podcast\\\/wp-content\\\/uploads\\\/2019\\\/05\\\/01FrancoisIntro.mp4\",\"name\":\"Fran\\u00e7ois, introduction\",\"artist\":\"Podcast de L'A-Droit de Chaudi\\u00e8re-Appalaches\"},{\"url\":\"http:\\\/\\\/media.blubrry.com\\\/podcast_de_la_droit_de\\\/ladroit.org\\\/podcast\\\/wp-content\\\/uploads\\\/2019\\\/05\\\/04Reneeleschangements.mp4\",\"name\":\"Ren\\u00e9e, les changements\",\"artist\":\"Podcast de L'A-Droit de Chaudi\\u00e8re-Appalaches\"},{\"url\":\"https:\\\/\\\/media.blubrry.com\\\/podcast_de_la_droit_de\\\/ladroit.org\\\/podcast\\\/wp-content\\\/uploads\\\/2019\\\/05\\\/03ReneeSatisfaction.mp4\",\"name\":\"Ren\\u00e9e, ce qui la satisfait\",\"artist\":\"Podcast de L'A-Droit de Chaudi\\u00e8re-Appalaches\"},{\"url\":\"http:\\\/\\\/media.blubrry.com\\\/podcast_de_la_droit_de\\\/ladroit.org\\\/podcast\\\/wp-content\\\/uploads\\\/2019\\\/05\\\/02ReneeTache.mp4\",\"name\":\"Ren\\u00e9e : Ses t\\u00e2ches\",\"artist\":\"Podcast de L'A-Droit de Chaudi\\u00e8re-Appalaches\"},{\"url\":\"http:\\\/\\\/media.blubrry.com\\\/podcast_de_la_droit_de\\\/ladroit.org\\\/podcast\\\/wp-content\\\/uploads\\\/2019\\\/05\\\/01ReneeIntro.mp4\",\"name\":\"Ren\\u00e9e, Introduction\",\"artist\":\"Podcast de L'A-Droit de Chaudi\\u00e8re-Appalaches\"},{\"url\":\"http:\\\/\\\/media.blubrry.com\\\/podcast_de_la_droit_de\\\/ladroit.org\\\/podcast\\\/wp-content\\\/uploads\\\/2019\\\/04\\\/Isabelle-2.mp4\",\"name\":\"T\\u00e2ches d\\u2019Isabelle \\u00e0 L\\u2019A-Droit\",\"artist\":\"Podcast de L'A-Droit de Chaudi\\u00e8re-Appalaches\"},{\"url\":\"http:\\\/\\\/media.blubrry.com\\\/podcast_de_la_droit_de\\\/ladroit.org\\\/podcast\\\/wp-content\\\/uploads\\\/2019\\\/04\\\/Isabelle-1.mp4\",\"name\":\"Ce qui apporte le plus de satisfaction \\u00e0 Isabelle et les bons coups\",\"artist\":\"Podcast de L'A-Droit de Chaudi\\u00e8re-Appalaches\"},{\"url\":\"http:\\\/\\\/media.blubrry.com\\\/podcast_de_la_droit_de\\\/ladroit.org\\\/podcast\\\/wp-content\\\/uploads\\\/2019\\\/04\\\/Marianne.mp4\",\"name\":\"T\\u00e2ches de Marianne \\u00e0 L\\u2019A-Droit\",\"artist\":\"Podcast de L'A-Droit de Chaudi\\u00e8re-Appalaches\"},{\"url\":\"http:\\\/\\\/media.blubrry.com\\\/podcast_de_la_droit_de\\\/ladroit.org\\\/podcast\\\/wp-content\\\/uploads\\\/2019\\\/04\\\/Ce-qui-nous-a-amene-a-l-adroit.mp4\",\"name\":\"Ce qui a amen\\u00e9 nos employ\\u00e9es \\u00e0 travailler \\u00e0 L\\u2019A-Droit\",\"artist\":\"Podcast de L'A-Droit de Chaudi\\u00e8re-Appalaches\"},{\"url\":\"http:\\\/\\\/media.blubrry.com\\\/podcast_de_la_droit_de\\\/ladroit.org\\\/podcast\\\/wp-content\\\/uploads\\\/2018\\\/09\\\/podcast-A-Droit-ep04.mp3\",\"name\":\"La fondation de L\\u2019A-Droit \\u00e9pisode 4\",\"artist\":\"Podcast de L'A-Droit de Chaudi\\u00e8re-Appalaches\"},{\"url\":\"http:\\\/\\\/media.blubrry.com\\\/podcast_de_la_droit_de\\\/ladroit.org\\\/podcast\\\/wp-content\\\/uploads\\\/2018\\\/09\\\/podcast-A-Droit-ep03.mp3\",\"name\":\"La fondation de L\\u2019A-Droit \\u00e9pisode 3\",\"artist\":\"Podcast de L'A-Droit de Chaudi\\u00e8re-Appalaches\"},{\"url\":\"http:\\\/\\\/media.blubrry.com\\\/podcast_de_la_droit_de\\\/ladroit.org\\\/podcast\\\/wp-content\\\/uploads\\\/2018\\\/09\\\/podcast-A-Droit-ep02.mp3\",\"name\":\"La fondation de L\\u2019A-Droit \\u00e9pisode 2\",\"artist\":\"Podcast de L'A-Droit de Chaudi\\u00e8re-Appalaches\"},{\"url\":\"http:\\\/\\\/media.blubrry.com\\\/podcast_de_la_droit_de\\\/ladroit.org\\\/podcast\\\/wp-content\\\/uploads\\\/2018\\\/09\\\/podcast-A-Droit-ep01.mp3\",\"name\":\"La fondation de L\\u2019A-Droit \\u00e9pisode 1\",\"artist\":\"Podcast de L'A-Droit de Chaudi\\u00e8re-Appalaches\"},{\"url\":\"https:\\\/\\\/media.blubrry.com\\\/podcast_de_la_droit_de\\\/ladroit.org\\\/podcast\\\/wp-content\\\/uploads\\\/2019\\\/01\\\/Les-principes-directeurs-03-Le-pr\\u00e9jug\\u00e9-favorable.mp4\",\"name\":\"Le pr\\u00e9jug\\u00e9 favorable\",\"artist\":\"Podcast de L'A-Droit de Chaudi\\u00e8re-Appalaches\"},{\"url\":\"http:\\\/\\\/media.blubrry.com\\\/podcast_de_la_droit_de\\\/ladroit.org\\\/podcast\\\/wp-content\\\/uploads\\\/2019\\\/01\\\/Les-principes-directeurs-02-La-sp\\u00e9cificit\\u00e9-des-personnes.mp4\",\"name\":\"La sp\\u00e9cificit\\u00e9 des personnes\",\"artist\":\"Podcast de L'A-Droit de Chaudi\\u00e8re-Appalaches\"},{\"url\":\"http:\\\/\\\/media.blubrry.com\\\/podcast_de_la_droit_de\\\/ladroit.org\\\/podcast\\\/wp-content\\\/uploads\\\/2019\\\/01\\\/Les-principes-directeurs-01-Lautonomie-des-personnes.mp4\",\"name\":\"L\\u2019autonomie des personnes\",\"artist\":\"Podcast de L'A-Droit de Chaudi\\u00e8re-Appalaches\"},{\"url\":\"https:\\\/\\\/media.blubrry.com\\\/podcast_de_la_droit_de\\\/ladroit.org\\\/podcast\\\/wp-content\\\/uploads\\\/2019\\\/01\\\/R\\u00f4le-du-groupe-08-La-formation.mp4\",\"name\":\"La formation\",\"artist\":\"Podcast de L'A-Droit de Chaudi\\u00e8re-Appalaches\"},{\"url\":\"https:\\\/\\\/media.blubrry.com\\\/podcast_de_la_droit_de\\\/ladroit.org\\\/podcast\\\/wp-content\\\/uploads\\\/2019\\\/01\\\/R\\u00f4le-du-groupe-07-La-promotion-et-la-sensibilisation.mp4\",\"name\":\"L\\u2019action syst\\u00e9mique\",\"artist\":\"Podcast de L'A-Droit de Chaudi\\u00e8re-Appalaches\"},{\"url\":\"https:\\\/\\\/media.blubrry.com\\\/podcast_de_la_droit_de\\\/ladroit.org\\\/podcast\\\/wp-content\\\/uploads\\\/2019\\\/01\\\/R\\u00f4le-du-groupe-05-LAction-Collective.mp4\",\"name\":\"L\\u2019action collective\",\"artist\":\"Podcast de L'A-Droit de Chaudi\\u00e8re-Appalaches\"},{\"url\":\"https:\\\/\\\/media.blubrry.com\\\/podcast_de_la_droit_de\\\/ladroit.org\\\/podcast\\\/wp-content\\\/uploads\\\/2019\\\/01\\\/R\\u00f4le-du-groupe-04-Lintervention-proactive.mp4\",\"name\":\"L\\u2019intervention proactive\",\"artist\":\"Podcast de L'A-Droit de Chaudi\\u00e8re-Appalaches\"},{\"url\":\"https:\\\/\\\/media.blubrry.com\\\/podcast_de_la_droit_de\\\/ladroit.org\\\/podcast\\\/wp-content\\\/uploads\\\/2019\\\/01\\\/R\\u00f4le-du-groupe-03-LAccompagnement.mp4\",\"name\":\"L\\u2019accompagnement\",\"artist\":\"Podcast de L'A-Droit de Chaudi\\u00e8re-Appalaches\"},{\"url\":\"https:\\\/\\\/media.blubrry.com\\\/podcast_de_la_droit_de\\\/ladroit.org\\\/podcast\\\/wp-content\\\/uploads\\\/2019\\\/01\\\/R\\u00f4le-du-groupe-02-LAide.mp4\",\"name\":\"L\\u2019aide\",\"artist\":\"Podcast de L'A-Droit de Chaudi\\u00e8re-Appalaches\"},{\"url\":\"https:\\\/\\\/media.blubrry.com\\\/podcast_de_la_droit_de\\\/ladroit.org\\\/podcast\\\/wp-content\\\/uploads\\\/2019\\\/01\\\/R\\u00f4le-du-groupe-01-Prise-de-contact.mp4\",\"name\":\"La prise de contact\",\"artist\":\"Podcast de L'A-Droit de Chaudi\\u00e8re-Appalaches\"}]\n,  start_song : 0 });\n<\/Script>\n\n<p>Vous voulez \u00e9couter nos balados sur votre mobile :<\/p>\n<p>Android : <!-- WP-Appbox (Version: 4.3.10 \/\/ Store: googleplay \/\/ ID: org.ladroit.droitssm) -->\n<div class=\"wpappbox wpappbox-68c1a00673699e034c24a74e3db30b90 googleplay simple\">\n\t<div class=\"qrcode\"><img src=\"https:\/\/chart.googleapis.com\/chart?cht=qr&chl=https%3A%2F%2Fplay.google.com%2Fstore%2Fapps%2Fdetails%3Fid%3Dorg.ladroit.droitssm&chs=200x200&chld=L%7C0\" alt=\"App inconnue\" \/><\/div>\n\t<div class=\"appicon\">\n\t\t<a target=\"_blank\" rel=\"nofollow\" href=\"https:\/\/play.google.com\/store\/apps\/details?id=org.ladroit.droitssm\"><img src=\"\/\/play-lh.googleusercontent.com\/Dh8SJ1DIO_DhcWRD39o6xKKNHaJk2GAzqyp_ChDwSImeXTRVTjU7px3HfNbFNIzasg=s128-h480\" alt=\"App inconnue\" \/><\/a>\n\t<\/div>\n\t<div class=\"applinks\">\n\t\t<div class=\"appbuttons\">\n\t\t\t<a target=\"_blank\" rel=\"nofollow\" href=\"https:\/\/play.google.com\/store\/apps\/details?id=org.ladroit.droitssm\">Enregistrer<\/a>\n\t\t\t<span onMouseOver=\"jQuery('.wpappbox-68c1a00673699e034c24a74e3db30b90 .qrcode').show();\" onMouseOut=\"jQuery('.wpappbox-68c1a00673699e034c24a74e3db30b90 .qrcode').hide();\">QR-Code<\/span>\n\t\t<\/div>\n\t<\/div>\n\t<div class=\"appdetails\">\n\t\t<div class=\"apptitle\"><a target=\"_blank\" rel=\"nofollow\" href=\"https:\/\/play.google.com\/store\/apps\/details?id=org.ladroit.droitssm\" title=\"App inconnue\" class=\"apptitle\">App inconnue<\/a><\/div>\n\t\t<div class=\"developer\">\n\t\t\t<span class=\"label\">D\u00e9veloppeur: <\/span>\n\t\t\t<span class=\"value\"><a target=\"_blank\" rel=\"nofollow\" href=\"https:\/\/play.google.com\">Inconnu<\/a><\/span>\n\t\t<\/div>\n\t\t<div class=\"price\">\n\t\t\t<span class=\"label\">Prix: <\/span>\n\t\t\t<span class=\"value\">\u00c0 annoncer<\/span> \n\t\t\t<span class=\"rating\"><div title=\"5 sur 5 \u00e9toiles\" class=\"rating-stars stars-monochrome stars50\"><\/div><\/span>\n\t\t<\/div>\n\t<\/div>\n<\/div><!-- \/WP-Appbox --><\/p>\n<p>Apple : <!-- WP-Appbox (Version: 4.3.10 \/\/ Store: appstore \/\/ ID: ressources-sant\u00e9-mentale) -->\n<div class=\"wpappbox wpappbox-aa6a5f5e1e31701007b90ebc28a1927c appstore simple\">\n\t<div class=\"qrcode\"><img src=\"https:\/\/chart.googleapis.com\/chart?cht=qr&chl=https%3A%2F%2Fapps.apple.com%2Fbr%2Fapp%2Fdrsm-sant%25C3%25A9-mentale%2Fid1480031825&chs=200x200&chld=L%7C0\" alt=\"App\u00a0DRSM Sant\u00e9 Mentale \u2013 App\u00a0Store\" \/><\/div>\n\t<div class=\"appicon\">\n\t\t<a target=\"_blank\" rel=\"nofollow\" href=\"https:\/\/apps.apple.com\/br\/app\/drsm-sant%C3%A9-mentale\/id1480031825\"><img src=\"\/\/ladroit.org\/podcast\/wp-content\/plugins\/wp-appbox\/img\/appstore@2x.png\" alt=\"App\u00a0DRSM Sant\u00e9 Mentale \u2013 App\u00a0Store\" \/><\/a>\n\t<\/div>\n\t<div class=\"applinks\">\n\t\t<div class=\"appbuttons\">\n\t\t\t<a target=\"_blank\" rel=\"nofollow\" href=\"https:\/\/apps.apple.com\/br\/app\/drsm-sant%C3%A9-mentale\/id1480031825\">T\u00e9l\u00e9charger<\/a>\n\t\t\t<span onMouseOver=\"jQuery('.wpappbox-aa6a5f5e1e31701007b90ebc28a1927c .qrcode').show();\" onMouseOut=\"jQuery('.wpappbox-aa6a5f5e1e31701007b90ebc28a1927c .qrcode').hide();\">QR-Code<\/span>\n\t\t<\/div>\n\t<\/div>\n\t<div class=\"appdetails\">\n\t\t<div class=\"apptitle\"><a target=\"_blank\" rel=\"nofollow\" href=\"https:\/\/apps.apple.com\/br\/app\/drsm-sant%C3%A9-mentale\/id1480031825\" title=\"App\u00a0DRSM Sant\u00e9 Mentale \u2013 App\u00a0Store\" class=\"apptitle\">App\u00a0DRSM Sant\u00e9 Mentale \u2013 App\u00a0Store<\/a><\/div>\n\t\t<div class=\"developer\">\n\t\t\t<span class=\"label\">D\u00e9veloppeur: <\/span>\n\t\t\t<span class=\"value\">Inconnu<\/span>\n\t\t<\/div>\n\t\t<div class=\"price\">\n\t\t\t<span class=\"label\">Prix: <\/span>\n\t\t\t<span class=\"value\">inconnu<\/span> \n\t\t\t<span class=\"rating\"><\/span>\n\t\t<\/div>\n\t<\/div>\n<\/div><!-- \/WP-Appbox --><\/p>\n","protected":false},"excerpt":{"rendered":"<p>Cliquez sur une des cat\u00e9gories pour voir les balados, puis cliquez sur le balado que vous voulez \u00e9couter. Vous voulez \u00e9couter nos balados sur votre mobile : Android : Apple :<\/p>\n","protected":false},"author":2,"featured_media":0,"parent":0,"menu_order":0,"comment_status":"closed","ping_status":"open","template":"","meta":[],"_links":{"self":[{"href":"https:\/\/ladroit.org\/podcast\/wp-json\/wp\/v2\/pages\/2"}],"collection":[{"href":"https:\/\/ladroit.org\/podcast\/wp-json\/wp\/v2\/pages"}],"about":[{"href":"https:\/\/ladroit.org\/podcast\/wp-json\/wp\/v2\/types\/page"}],"author":[{"embeddable":true,"href":"https:\/\/ladroit.org\/podcast\/wp-json\/wp\/v2\/users\/2"}],"replies":[{"embeddable":true,"href":"https:\/\/ladroit.org\/podcast\/wp-json\/wp\/v2\/comments?post=2"}],"version-history":[{"count":18,"href":"https:\/\/ladroit.org\/podcast\/wp-json\/wp\/v2\/pages\/2\/revisions"}],"predecessor-version":[{"id":356,"href":"https:\/\/ladroit.org\/podcast\/wp-json\/wp\/v2\/pages\/2\/revisions\/356"}],"wp:attachment":[{"href":"https:\/\/ladroit.org\/podcast\/wp-json\/wp\/v2\/media?parent=2"}],"curies":[{"name":"wp","href":"https:\/\/api.w.org\/{rel}","templated":true}]}}